{"id":27050,"date":"2020-10-16T13:47:26","date_gmt":"2020-10-16T11:47:26","guid":{"rendered":"https:\/\/www.stelvision.com\/astro\/?page_id=27050"},"modified":"2026-04-23T17:31:21","modified_gmt":"2026-04-23T15:31:21","slug":"carte-ciel","status":"publish","type":"page","link":"https:\/\/www.stelvision.com\/astro\/carte-ciel\/","title":{"rendered":"Carte du ciel du jour"},"content":{"rendered":"\n\n\n<span id=\"scdc_welcome_1_\" class=\"scdc-welcome scdc-carte-\" data-carte=\"\" style=\"display:none;\">Bienvenue dans votre carte personnalis\u00e9e &#8230;<\/span><script type=\"text\/javascript\">\/*!rw_stel_js*\/rw_stelvision_theme_ready(\"StelvisionCarteCiel\", function() {StelvisionCarteCiel.ready(function() {StelvisionCarteCiel.onCarteData(\"\", \"welcome\", function() {scdcRWFront.setDOMAttribute(document.getElementById(\"scdc_welcome_1_\"), \"style\", \"\");});});});<\/script>\n\n\n\n<p class=\"chapo\">Rep\u00e9rez les \u00e9toiles et les plan\u00e8tes, et simulez les mouvements du ciel ! <\/p>\n\n\n<\/p>\n<h2><span id=\"scdc_ready_2_Carte1\" class=\"scdc-ready scdc-carte-Carte1\" data-carte=\"Carte1\" style=\"display:none;\">Le ciel du <span id=\"scdc_date_3_Carte1\" class=\"scdc-date scdc-carte-Carte1\" data-carte=\"Carte1\"><span class=\"scdc-widget-loading\"><span class=\"scdc-loading-dots\"><\/span><\/span><\/span><script type=\"text\/javascript\">\/*!rw_stel_js*\/rw_stelvision_theme_ready(\"StelvisionCarteCiel\", function() {StelvisionCarteCiel.ready(function() {var app = scdcwp.mountRWFrontTo(\"scdc_date_3_Carte1\", SCDCDate, {name: 'Carte1', lng: 'fr'});});});<\/script> \u00e0 <span id=\"scdc_time_4_Carte1\" class=\"scdc-time scdc-carte-Carte1\" data-carte=\"Carte1\"><span class=\"scdc-widget-loading\"><span class=\"scdc-loading-dots\"><\/span><\/span><\/span><script type=\"text\/javascript\">\/*!rw_stel_js*\/rw_stelvision_theme_ready(\"StelvisionCarteCiel\", function() {StelvisionCarteCiel.ready(function() {var app = scdcwp.mountRWFrontTo(\"scdc_time_4_Carte1\", SCDCTime, {name: 'Carte1', lng: 'fr'});});});<\/script> <small>(<span id=\"scdc_placetitle_5_Carte1\" class=\"scdc-place-title scdc-carte-Carte1\" data-carte=\"Carte1\"><span class=\"scdc-widget-loading\"><span class=\"scdc-loading-dots\"><\/span><\/span><\/span><script type=\"text\/javascript\">\/*!rw_stel_js*\/rw_stelvision_theme_ready(\"StelvisionCarteCiel\", function() {StelvisionCarteCiel.ready(function() {var app = scdcwp.mountRWFrontTo(\"scdc_placetitle_5_Carte1\", SCDCPlaceTitle, {name: 'Carte1', lng: 'fr', prefix: \"\", sufix: \"\"});});});<\/script>)<\/small><\/span><script type=\"text\/javascript\">\/*!rw_stel_js*\/rw_stelvision_theme_ready(\"StelvisionCarteCiel\", function() {StelvisionCarteCiel.ready(function() {StelvisionCarteCiel.onCarteData(\"Carte1\", \"ready\", function() {scdcRWFront.setDOMAttribute(document.getElementById(\"scdc_ready_2_Carte1\"), \"style\", \"\");});}, 0);});<\/script><\/h2>\n<p>\n\n\n<span id=\"scdc_notready_6_Carte1\" class=\"scdc-ready scdc-carte-Carte1\" data-carte=\"Carte1\">Votre carte se charge &#8230;<\/span><script type=\"text\/javascript\">\/*!rw_stel_js*\/rw_stelvision_theme_ready(\"StelvisionCarteCiel\", function() {StelvisionCarteCiel.ready(function() {StelvisionCarteCiel.onCarteData(\"Carte1\", \"ready\", function() {scdcRWFront.setDOMAttribute(document.getElementById(\"scdc_notready_6_Carte1\"), \"style\", \"display:none;\");});}, 0);});<\/script>\n\n\n\n<noscript><div style=\"color: red; font-weight: 700;\">\n<style>span.scdc-ready.scdc-carte-Carte1{display:none;}<\/style>\n    La carte du ciel ne peut pas fonctionner car il semble que Javascript soit d\u00e9sactiv\u00e9 sur votre navigateur Internet.\n<\/div><\/noscript>\n\n\n<div id=\"scdc_carte_7_Carte1\"><div class=\"scdc-widget-loading\" style=\"width:100%;aspect-ratio:1\/1;\"><div class=\"scdc-loading-dots\"><\/div><\/div><\/div><script type=\"text\/javascript\">\/*!rw_stel_js*\/rw_stelvision_theme_ready(\"StelvisionCarteCiel\", function() {StelvisionCarteCiel.ready(function() {var engine = ((StelvisionCarteCiel.isPhoneMode()) ? 'old' : 'svg');var app = scdcwp.mountRWFrontTo(\"scdc_carte_7_Carte1\", SCDCCarte, {name: 'Carte1', lng: 'fr', engine: engine,width: \"100%\", height: \"unset\", defaultPlace: {\"defaultPlace\":true,\"latitude\":\"46.6\",\"longitude\":\"1.9\",\"elevation\":null,\"city\":\"Sarzay\",\"country\":\"FR\",\"timeZone\":\"Europe\\\/Paris\",\"desc\":\"centre France continentale\",\"short_desc\":\"centre France\",\"image\":\"https:\\\/\\\/www.stelvision.com\\\/astro\\\/wp-content\\\/uploads\\\/2021\\\/01\\\/France_Sarzay_600.jpg\"}, params: \"searchShowName=yes\", ignoreParams: \"date&view\", hint: null, click: null, adjustmentsTexts: \"{\\\"v\\\":1,\\\"data\\\":[[\\\"jupiter\\\",20241114,20250430,-17,0,0,0,20241114,0,5]]}\", specificNews: [], oldCarteURL: \"https:\/\/www.stelvision.com\/carte-ciel\/visu_carte.php\"})});});<\/script>\n\n\n<div id=\"scdc_search_8_Carte1\" class=\"scdc-carte-Carte1\" data-carte=\"Carte1\"><div class=\"scdc-widget-loading\" style=\"height:52px;\"><div class=\"scdc-loading-dots\"><\/div><\/div><\/div><script type=\"text\/javascript\">\/*!rw_stel_js*\/rw_stelvision_theme_ready(\"StelvisionCarteCiel\", function() {StelvisionCarteCiel.ready(function() {var app = scdcwp.mountRWFrontTo(\"scdc_search_8_Carte1\", SCDCSearch, {name: 'Carte1', lng: 'fr', className: \"\", style: \"width:100%;\", placeholder: \"Rechercher une constellation, une plan\\u00e8te, une \\u00e9toile\"});});});<\/script>\n\n\n<span id=\"scdc_carte_responsive_Carte1_date_md\" class=\"scdc-responsive scdc-carte-Carte1\" data-carte=\"Carte1\"><\/span><span id=\"scdc_carte_responsive_Carte1_place_md\" class=\"scdc-responsive scdc-carte-Carte1\" data-carte=\"Carte1\"><\/span>\n\n\n<span id=\"scdc_notfallback_11_Carte1\" class=\"scdc-ready scdc-carte-Carte1\" data-carte=\"Carte1\">Si vous rencontrez des difficult\u00e9s pour visualiser la carte du ciel, <a href=\"javascript:StelvisionCarteCiel.useOldEngine('Carte1');\">affichez l&rsquo;ancienne version<\/a>.<\/span><script type=\"text\/javascript\">\/*!rw_stel_js*\/rw_stelvision_theme_ready(\"StelvisionCarteCiel\", function() {StelvisionCarteCiel.ready(function() {StelvisionCarteCiel.onCarteData(\"Carte1\", \"engine\", function(name) {scdcRWFront.setDOMAttribute(document.getElementById(\"scdc_notfallback_11_Carte1\"), \"style\", ((name != \"old\") ? \"\" : \"display:none;\"));});}, 0);});<\/script>\n\n\n<span id=\"scdc_fallback_12_Carte1\" class=\"scdc-ready scdc-carte-Carte1\" data-carte=\"Carte1\" style=\"display:none;\">Pour des raisons de compatibilit\u00e9 avec votre navigateur, vous visualisez actuellement une ancienne version de la carte du ciel ; certaines fonctionnalit\u00e9s ne sont donc pas disponibles. Si vous souhaitez visualiser la derni\u00e8re version, <a href=\"javascript:StelvisionCarteCiel.useNewEngine('Carte1');\">cliquez ici<\/a>.<\/span><script type=\"text\/javascript\">\/*!rw_stel_js*\/rw_stelvision_theme_ready(\"StelvisionCarteCiel\", function() {StelvisionCarteCiel.ready(function() {var ignorephone = true;var isPhoneMode = StelvisionCarteCiel.isPhoneMode();StelvisionCarteCiel.onCarteData(\"Carte1\", \"engine\", function(name) { scdcRWFront.setDOMAttribute(document.getElementById(\"scdc_fallback_12_Carte1\"), \"style\", (((name == \"old\") && ((!ignorephone) || (!isPhoneMode))) ? \"\" : \"display:none;\"));});}, 0);});<\/script>\n\n\n\n<div style=\"margin-bottom:1.5em; margin-top:0em;\"><\/div>\n\n\n\n<div class=\"wp-block-columns is-layout-flex wp-container-core-columns-is-layout-9d6595d7 wp-block-columns-is-layout-flex\">\n<div class=\"wp-block-column is-layout-flow wp-block-column-is-layout-flow\">\n<h2 class=\"wp-block-heading\" id=\"crepuscules\">Les horaires du Soleil, des cr\u00e9puscules et de la nuit noire<\/h2>\n\n\n<div id=\"scdc_risingset_sun_13_Carte1\" class=\"scdc-risingset-sun scdc-risingset-Carte1\" data-risingset=\"Carte1\"><div class=\"scdc-widget-loading\" style=\"height:244px;\"><div class=\"scdc-loading-dots\"><\/div><\/div><\/div><script type=\"text\/javascript\">\/*!rw_stel_js*\/rw_stelvision_theme_ready(\"StelvisionRisingSet\", function() {StelvisionRisingSet.ready(function() {var app = scdcwp.mountRWFrontTo(\"scdc_risingset_sun_13_Carte1\", SCDCRisingSet, {kind: 'sun', name: 'Carte1', lng: 'fr', mode: '',date: '', latitude: '', longitude: '', defaultPlace: {\"defaultPlace\":true,\"latitude\":\"46.6\",\"longitude\":\"1.9\",\"elevation\":null,\"city\":\"Sarzay\",\"country\":\"FR\",\"timeZone\":\"Europe\\\/Paris\",\"desc\":\"centre France continentale\",\"short_desc\":\"centre France\",\"image\":\"https:\\\/\\\/www.stelvision.com\\\/astro\\\/wp-content\\\/uploads\\\/2021\\\/01\\\/France_Sarzay_600.jpg\"}});});});<\/script>\n<\/div>\n\n\n\n<div class=\"wp-block-column is-layout-flow wp-block-column-is-layout-flow\">\n<h2 class=\"wp-block-heading\" id=\"lune-phase-horaires\">Les horaires de la Lune<\/h2>\n\n\n<div id=\"scdc_risingset_moon_14_Carte1\" class=\"scdc-risingset-moon scdc-risingset-Carte1\" data-risingset=\"Carte1\"><div class=\"scdc-widget-loading\" style=\"height:482px;\"><div class=\"scdc-loading-dots\"><\/div><\/div><\/div><script type=\"text\/javascript\">\/*!rw_stel_js*\/rw_stelvision_theme_ready(\"StelvisionRisingSet\", function() {StelvisionRisingSet.ready(function() {var app = scdcwp.mountRWFrontTo(\"scdc_risingset_moon_14_Carte1\", SCDCRisingSet, {kind: 'moon', name: 'Carte1', lng: 'fr', mode: '',date: '', latitude: '', longitude: '', defaultPlace: {\"defaultPlace\":true,\"latitude\":\"46.6\",\"longitude\":\"1.9\",\"elevation\":null,\"city\":\"Sarzay\",\"country\":\"FR\",\"timeZone\":\"Europe\\\/Paris\",\"desc\":\"centre France continentale\",\"short_desc\":\"centre France\",\"image\":\"https:\\\/\\\/www.stelvision.com\\\/astro\\\/wp-content\\\/uploads\\\/2021\\\/01\\\/France_Sarzay_600.jpg\"}});});});<\/script>\n\n\n\n<div class=\"BoxFocus color1\" style=\"margin-top:0.7em; padding:0.6em;\">\n<p style=\"font-size:0.8em; font-weight:600; color: #000000; margin-bottom:0.5em; margin-top:0.5em;\"><i class=\"neko-icon-info-circled\"><\/i>Date et lieu modifiables<\/p>\n<p style=\"font-size:0.8em; color: #000000;\">avec les boutons de la carte du ciel.<\/p>\n\r\n\t\t\t\t<div id=\"rw_modal_post_1\" class=\"rw-modal-wrapper\" onclick=\"rw_stelvision_theme_ready('rw', function(o) {rw.closeModalFromWrapper(o);}, this);\">\r\n\t\t\t\t\t<div class=\"rw-modal\" onclick=\"rw_stelvision_theme_ready('rw', function(e) {rw.stopEventPropagation(e);}, event);\">\r\n\t\t\t\t\t\t<div class=\"rw-modal-close\" onclick=\"rw_stelvision_theme_ready('rw', function(o) {rw.closeCurrentModal(o, true);}, this);\">X<\/div>\r\n\t\t\t<main>\n<p>Pour d\u00e9crire le ph\u00e9nom\u00e8ne graduel qu\u2019est le cr\u00e9puscule et calculer sa dur\u00e9e, les astronomes ont d\u00e9fini trois phases en fonction de la position du Soleil sous l\u2019horizon. Ce n\u2019est qu\u2019\u00e0 la fin du <em>cr\u00e9puscule astronomique<\/em>, lorsque l\u2019astre du jour est descendu suffisamment bas, que la nuit est compl\u00e8te.<\/p>\n\n\n\n<figure class=\"wp-block-table has-small-font-size\"><table><tbody><tr><td class=\"has-text-align-left\" data-align=\"left\"><strong>Cr\u00e9puscule<\/strong><\/td><td><strong>hauteur du Soleil<\/strong><\/td><td><strong>Que se passe-t-il&nbsp;?<\/strong><\/td><\/tr><tr><td class=\"has-text-align-left\" data-align=\"left\">civil<\/td><td>0 \u00e0 -6\u00b0<\/td><td>Le jour baisse.<br>Les lampadaires des rues s\u2019allument.<\/td><\/tr><tr><td class=\"has-text-align-left\" data-align=\"left\">nautique<\/td><td>-6\u00b0 \u00e0 -12\u00b0<\/td><td>Les \u00e9toiles brillantes apparaissent.<br>Elles sont utiles aux marins pour la navigation !<\/td><\/tr><tr><td class=\"has-text-align-left\" data-align=\"left\">astronomique<\/td><td>-12\u00b0 \u00e0 -18\u00b0<\/td><td>Les \u00e9toiles les plus faibles apparaissent.<\/td><\/tr><tr><td class=\"has-text-align-left\" data-align=\"left\"><\/td><td>Au-del\u00e0 de -18\u00b0<\/td><td>C&rsquo;est la nuit compl\u00e8te. <\/td><\/tr><\/tbody><\/table><figcaption class=\"wp-element-caption\">Les cr\u00e9puscules en fonction de la hauteur du Soleil. Une hauteur n\u00e9gative signifie que le Soleil est sous l&rsquo;horizon.<\/figcaption><\/figure>\n\n\n\n<p>Le raisonnement est le m\u00eame pour l&rsquo;aube (aussi appel\u00e9e cr\u00e9puscule du matin).<\/p>\n\r\n\t\t\t\t\t\t<\/main>\r\n\t\t\t\r\n\t\t\t\t\t<\/div>\r\n\t\t\t\t<\/div>\r\n\t\t\t<button type=\"button\" class=\"button \"  style=\"background: none; color: #000000; font-size:0.8em; font-weight:600; padding-left: 0px; padding-right: 0px; \" onclick=\"rw_stelvision_theme_ready('rw', function() {rw.openModal('#rw_modal_post_1');});\"><i class=\"neko-icon-info-circled\"><\/i>Cr\u00e9puscules<\/button><br>\n\r\n\t\t\t\t<div id=\"rw_modal_post_2\" class=\"rw-modal-wrapper\" onclick=\"rw_stelvision_theme_ready('rw', function(o) {rw.closeModalFromWrapper(o);}, this);\">\r\n\t\t\t\t\t<div class=\"rw-modal\" onclick=\"rw_stelvision_theme_ready('rw', function(e) {rw.stopEventPropagation(e);}, event);\">\r\n\t\t\t\t\t\t<div class=\"rw-modal-close\" onclick=\"rw_stelvision_theme_ready('rw', function(o) {rw.closeCurrentModal(o, true);}, this);\">X<\/div>\r\n\t\t\t<main>\n<p>Pour d\u00e9crire le ph\u00e9nom\u00e8ne graduel qu\u2019est le cr\u00e9puscule et calculer sa dur\u00e9e, les astronomes ont d\u00e9fini trois phases en fonction de la position du Soleil sous l\u2019horizon. Ce n\u2019est qu\u2019\u00e0 la fin du <em>cr\u00e9puscule astronomique<\/em>, lorsque l\u2019astre du jour est descendu suffisamment bas, que la nuit est compl\u00e8te.<\/p>\n\n\n\n<figure class=\"wp-block-table has-small-font-size\"><table><tbody><tr><td class=\"has-text-align-left\" data-align=\"left\"><strong>Cr\u00e9puscule<\/strong><\/td><td><strong>hauteur du Soleil<\/strong><\/td><td><strong>Que se passe-t-il&nbsp;?<\/strong><\/td><\/tr><tr><td class=\"has-text-align-left\" data-align=\"left\">civil<\/td><td>0 \u00e0 -6\u00b0<\/td><td>Le jour baisse.<br>Les lampadaires des rues s\u2019allument.<\/td><\/tr><tr><td class=\"has-text-align-left\" data-align=\"left\">nautique<\/td><td>-6\u00b0 \u00e0 -12\u00b0<\/td><td>Les \u00e9toiles brillantes apparaissent.<br>Elles sont utiles aux marins pour la navigation !<\/td><\/tr><tr><td class=\"has-text-align-left\" data-align=\"left\">astronomique<\/td><td>-12\u00b0 \u00e0 -18\u00b0<\/td><td>Les \u00e9toiles les plus faibles apparaissent.<\/td><\/tr><tr><td class=\"has-text-align-left\" data-align=\"left\"><\/td><td>Au-del\u00e0 de -18\u00b0<\/td><td>C&rsquo;est la nuit compl\u00e8te. <\/td><\/tr><\/tbody><\/table><figcaption class=\"wp-element-caption\">Les cr\u00e9puscules en fonction de la hauteur du Soleil. Une hauteur n\u00e9gative signifie que le Soleil est sous l&rsquo;horizon.<\/figcaption><\/figure>\n\n\n\n<p>Le raisonnement est le m\u00eame pour l&rsquo;aube (aussi appel\u00e9e cr\u00e9puscule du matin).<\/p>\n\r\n\t\t\t\t\t\t<\/main>\r\n\t\t\t\r\n\t\t\t\t\t<\/div>\r\n\t\t\t\t<\/div>\r\n\t\t\t<button type=\"button\" class=\"button \"  style=\"background: none; color: #000000; font-size:0.8em; font-weight:400; padding-left: 0px; padding-right: 0px; \" onclick=\"rw_stelvision_theme_ready('rw', function() {rw.openModal('#rw_modal_post_2');});\">Cliquez pour tout comprendre<\/button>\n<\/div>\n<\/div>\n<\/div>\n\n\n\n<hr class=\"wp-block-separator has-alpha-channel-opacity\"\/>\n\n\n\n<p>Vous appr\u00e9ciez ce site ? D\u00e9couvrez nos produits, votre visite \u00e0 <a href=\"https:\/\/www.stelvision.com\/astro\/boutique\/\"><strong>la Boutique<\/strong><\/a> sera votre soutien \ud83d\ude42<\/p>\n\n\n<div class=\"rwwp-featured-content-wrapper\"><div class=\"stel-auto-swiffy-slider rwwp-featured-content rwwp-featured-content-slides rwwp-featured-content-slides-alignment-top rwwp-featured-content-slides-carousel-yes\"><div class=\"swiffy-slider slider-item-show1   slider-nav-visible slider-nav-outside slider-nav-autoplay  slider-nav-dark slider-nav-autohide slider-item-first-visible slider-nav-autopause\" data-slider-nav-autoplay-interval=\"3500\" data-rwstelwp-uid=\"1777470033\"><ul class=\"slider-container\"><li data-stel-auto-swiffy-slider-offset=\"18\"><div class=\"rwwp-featured-content-item rwwp-featured-content-item-product rwwp-featured-content-item-small\"><div class=\"woocommerce columns-1 stel-product-no-add_to_cart\"><ul class=\"products columns-1\">\n<li class=\"product type-product post-54136 status-publish first instock product_cat-jumelles product_tag--notre-selection-pour-lete has-post-thumbnail taxable shipping-taxable purchasable product-type-simple\">\n\t<div class=\"stel-wc-product\"><a href=\"https:\/\/www.stelvision.com\/astro\/boutique\/jumelles-noctua-2x40\/\" title=\"Jumelles Noctua &laquo;&amp;nbsp;yeux de hibou&amp;nbsp;&raquo;\" class=\"woocommerce-LoopProduct-link woocommerce-loop-product__link\"><img decoding=\"async\" width=\"300\" height=\"300\" src=\"https:\/\/www.stelvision.com\/astro\/wp-content\/uploads\/2023\/05\/noctua_03-300x300.jpg\" class=\"attachment-woocommerce_thumbnail size-woocommerce_thumbnail\" alt=\"photo Jumelles Noctua 2x40\" srcset=\"https:\/\/www.stelvision.com\/astro\/wp-content\/uploads\/2023\/05\/noctua_03-300x300.jpg 300w, https:\/\/www.stelvision.com\/astro\/wp-content\/uploads\/2023\/05\/noctua_03-150x150.jpg 150w, https:\/\/www.stelvision.com\/astro\/wp-content\/uploads\/2023\/05\/noctua_03-600x600.jpg 600w, https:\/\/www.stelvision.com\/astro\/wp-content\/uploads\/2023\/05\/noctua_03-750x750.jpg 750w, https:\/\/www.stelvision.com\/astro\/wp-content\/uploads\/2023\/05\/noctua_03-570x570.jpg 570w, https:\/\/www.stelvision.com\/astro\/wp-content\/uploads\/2023\/05\/noctua_03-368x368.jpg 368w, https:\/\/www.stelvision.com\/astro\/wp-content\/uploads\/2023\/05\/noctua_03-270x270.jpg 270w, https:\/\/www.stelvision.com\/astro\/wp-content\/uploads\/2023\/05\/noctua_03-62x62.jpg 62w, https:\/\/www.stelvision.com\/astro\/wp-content\/uploads\/2023\/05\/noctua_03-100x100.jpg 100w, https:\/\/www.stelvision.com\/astro\/wp-content\/uploads\/2023\/05\/noctua_03.jpg 1000w\" sizes=\"(max-width: 300px) 100vw, 300px\" \/><h2 class=\"woocommerce-loop-product__title\">Jumelles Noctua \u00ab&nbsp;yeux de hibou&nbsp;\u00bb<div class=\"stel-product-item-review-wrapper\"><div class=\"skeepers_product__stars\" data-product-id=\"54136\"><\/div><script type=\"text\/javascript\">\/*!rw_stel_js*\/window.$ = jQuery;<\/script><script async charset=\"utf-8\" src=\"https:\/\/widgets.rr.skeepers.io\/product\/29f32d37-16d4-4b94-e954-a24712bd5a0f\/49f1f3bb-3583-4096-a330-61b13d46555d.js\"><\/script><\/div><\/h2>\r\n\t<span class=\"price\"><span class=\"woocommerce-Price-amount amount\"><bdi>89.90<span class=\"woocommerce-Price-currencySymbol\">&euro;<\/span><\/bdi><\/span> <span class=\"rwwc-vat-price-hint\" onclick=\"rwStelvisionWooTaxesInfos.showTaxHintModal(event)\">TVA incluse (FR) <i class=\"neko-icon-info-circled\"><\/i><\/span><\/span>\r\n<div class=\"netreviews_bg_stars_big listStars\" title=\"4.724\/5\"><div><span class=\"nr-icon nr-star grey\"><\/span><span class=\"nr-icon nr-star grey\"><\/span><span class=\"nr-icon nr-star grey\"><\/span><span class=\"nr-icon nr-star grey\"><\/span><span class=\"nr-icon nr-star grey\"><\/span><\/div><div style=\"color: #4FB8D7 !important\"><span class=\"nr-icon nr-star\" style=\"width:20%;\"><\/span><span class=\"nr-icon nr-star\" style=\"width:20%;\"><\/span><span class=\"nr-icon nr-star\" style=\"width:20%;\"><\/span><span class=\"nr-icon nr-star\" style=\"width:20%;\"><\/span><span class=\"nr-icon nr-star\" style=\"width:14%;\"><\/span><\/div> <span class=\"reviewCount\">58 avis<\/span><\/div><\/a><span class=\" rw_stelvision_product_in_stock \"><span class=\"rw_stelvision_product_stock_msg\">En stock<\/span><\/span><a href=\"\/astro\/wp-json\/wp\/v2\/pages\/27050?add-to-cart=54136\" aria-describedby=\"woocommerce_loop_add_to_cart_link_describedby_541360\" data-quantity=\"1\" data-product_id=\"54136\" data-product-title=\"Jumelles Noctua \u00ab&nbsp;yeux de hibou&nbsp;\u00bb&lt;div class=&quot;stel-product-item-review-wrapper&quot;&gt;&lt;div class=&quot;skeepers_product__stars&quot; data-product-id=&quot;54136&quot;&gt;&lt;\/div&gt;&lt;\/div&gt;\" class=\"button product_type_simple add_to_cart_button ajax_add_to_cart\" data-product_id=\"54136\" data-product_sku=\"3770011947386\" aria-label=\"Ajouter au panier\u00a0: &ldquo;Jumelles Noctua \u00ab&nbsp;yeux de hibou&nbsp;\u00bb&rdquo;\" rel=\"nofollow\" data-success_message=\"\u00ab\u00a0Jumelles Noctua \u00ab&nbsp;yeux de hibou&nbsp;\u00bb\u00a0\u00bb a \u00e9t\u00e9 ajout\u00e9 \u00e0 votre panier\" role=\"button\">Ajouter au panier<\/a><span id=\"woocommerce_loop_add_to_cart_link_describedby_541360\" class=\"screen-reader-text\"><\/span><\/div><\/li>\n<\/ul>\n<\/div><\/div><\/li><li data-stel-auto-swiffy-slider-offset=\"18\"><div class=\"rwwp-featured-content-item rwwp-featured-content-item-product rwwp-featured-content-item-small\"><div class=\"woocommerce columns-1 stel-product-no-add_to_cart\"><ul class=\"products columns-1\">\n<li class=\"product type-product post-60692 status-publish first instock product_cat-edition product_tag--notre-selection-pour-lete has-post-thumbnail taxable shipping-taxable purchasable product-type-simple\">\n\t<div class=\"stel-wc-product\"><a href=\"https:\/\/www.stelvision.com\/astro\/boutique\/decouvrir-le-ciel-a-loeil-nu\/\" title=\"D&eacute;couvrir le ciel &agrave; l&rsquo;&oelig;il nu - Un guide pour observer les &eacute;toiles depuis chez soi\" class=\"woocommerce-LoopProduct-link woocommerce-loop-product__link\"><img decoding=\"async\" width=\"300\" height=\"300\" src=\"https:\/\/www.stelvision.com\/astro\/wp-content\/uploads\/2024\/09\/Decouvrir-le-ciel-a-loeil-nu-en-volume-fond-blanc_1024-300x300.jpg\" class=\"attachment-woocommerce_thumbnail size-woocommerce_thumbnail\" alt=\"Visuel livre D\u00e9couvrir le ciel \u00e0 l&#039;\u0153il nu de Bertrand d&#039;Armagnac et Carine Souplet aux \u00e9ditions Stelvision\" srcset=\"https:\/\/www.stelvision.com\/astro\/wp-content\/uploads\/2024\/09\/Decouvrir-le-ciel-a-loeil-nu-en-volume-fond-blanc_1024-300x300.jpg 300w, https:\/\/www.stelvision.com\/astro\/wp-content\/uploads\/2024\/09\/Decouvrir-le-ciel-a-loeil-nu-en-volume-fond-blanc_1024-150x150.jpg 150w, https:\/\/www.stelvision.com\/astro\/wp-content\/uploads\/2024\/09\/Decouvrir-le-ciel-a-loeil-nu-en-volume-fond-blanc_1024-600x600.jpg 600w, https:\/\/www.stelvision.com\/astro\/wp-content\/uploads\/2024\/09\/Decouvrir-le-ciel-a-loeil-nu-en-volume-fond-blanc_1024-750x750.jpg 750w, https:\/\/www.stelvision.com\/astro\/wp-content\/uploads\/2024\/09\/Decouvrir-le-ciel-a-loeil-nu-en-volume-fond-blanc_1024-570x570.jpg 570w, https:\/\/www.stelvision.com\/astro\/wp-content\/uploads\/2024\/09\/Decouvrir-le-ciel-a-loeil-nu-en-volume-fond-blanc_1024-368x368.jpg 368w, https:\/\/www.stelvision.com\/astro\/wp-content\/uploads\/2024\/09\/Decouvrir-le-ciel-a-loeil-nu-en-volume-fond-blanc_1024-270x270.jpg 270w, https:\/\/www.stelvision.com\/astro\/wp-content\/uploads\/2024\/09\/Decouvrir-le-ciel-a-loeil-nu-en-volume-fond-blanc_1024-62x62.jpg 62w, https:\/\/www.stelvision.com\/astro\/wp-content\/uploads\/2024\/09\/Decouvrir-le-ciel-a-loeil-nu-en-volume-fond-blanc_1024-100x100.jpg 100w, https:\/\/www.stelvision.com\/astro\/wp-content\/uploads\/2024\/09\/Decouvrir-le-ciel-a-loeil-nu-en-volume-fond-blanc_1024-1000x1000.jpg 1000w, https:\/\/www.stelvision.com\/astro\/wp-content\/uploads\/2024\/09\/Decouvrir-le-ciel-a-loeil-nu-en-volume-fond-blanc_1024.jpg 1024w\" sizes=\"(max-width: 300px) 100vw, 300px\" \/><h2 class=\"woocommerce-loop-product__title\">D\u00e9couvrir le ciel \u00e0 l\u2019\u0153il nu &#8211; Un guide pour observer les \u00e9toiles depuis chez soi<div class=\"stel-product-item-review-wrapper\"><div class=\"skeepers_product__stars\" data-product-id=\"60692\"><\/div><\/div><\/h2>\r\n\t<span class=\"price\"><span class=\"woocommerce-Price-amount amount\"><bdi>22.90<span class=\"woocommerce-Price-currencySymbol\">&euro;<\/span><\/bdi><\/span> <span class=\"rwwc-vat-price-hint\" onclick=\"rwStelvisionWooTaxesInfos.showTaxHintModal(event)\">TVA incluse (FR) <i class=\"neko-icon-info-circled\"><\/i><\/span><\/span>\r\n<div class=\"netreviews_bg_stars_big listStars\" title=\"4.811\/5\"><div><span class=\"nr-icon nr-star grey\"><\/span><span class=\"nr-icon nr-star grey\"><\/span><span class=\"nr-icon nr-star grey\"><\/span><span class=\"nr-icon nr-star grey\"><\/span><span class=\"nr-icon nr-star grey\"><\/span><\/div><div style=\"color: #4FB8D7 !important\"><span class=\"nr-icon nr-star\" style=\"width:20%;\"><\/span><span class=\"nr-icon nr-star\" style=\"width:20%;\"><\/span><span class=\"nr-icon nr-star\" style=\"width:20%;\"><\/span><span class=\"nr-icon nr-star\" style=\"width:20%;\"><\/span><span class=\"nr-icon nr-star\" style=\"width:16%;\"><\/span><\/div> <span class=\"reviewCount\">53 avis<\/span><\/div><\/a><span class=\" rw_stelvision_product_in_stock \"><span class=\"rw_stelvision_product_stock_msg\">En stock<\/span><\/span><a href=\"\/astro\/wp-json\/wp\/v2\/pages\/27050?add-to-cart=60692\" aria-describedby=\"woocommerce_loop_add_to_cart_link_describedby_60692_1\" data-quantity=\"1\" data-product_id=\"60692\" data-product-title=\"D\u00e9couvrir le ciel \u00e0 l\u2019\u0153il nu &#8211; Un guide pour observer les \u00e9toiles depuis chez soi&lt;div class=&quot;stel-product-item-review-wrapper&quot;&gt;&lt;div class=&quot;skeepers_product__stars&quot; data-product-id=&quot;60692&quot;&gt;&lt;\/div&gt;&lt;\/div&gt;\" class=\"button product_type_simple add_to_cart_button ajax_add_to_cart\" data-product_id=\"60692\" data-product_sku=\"9782958661915\" aria-label=\"Ajouter au panier\u00a0: &ldquo;D\u00e9couvrir le ciel \u00e0 l\u2019\u0153il nu - Un guide pour observer les \u00e9toiles depuis chez soi&rdquo;\" rel=\"nofollow\" data-success_message=\"\u00ab\u00a0D\u00e9couvrir le ciel \u00e0 l\u2019\u0153il nu - Un guide pour observer les \u00e9toiles depuis chez soi\u00a0\u00bb a \u00e9t\u00e9 ajout\u00e9 \u00e0 votre panier\" role=\"button\">Ajouter au panier<\/a><span id=\"woocommerce_loop_add_to_cart_link_describedby_60692_1\" class=\"screen-reader-text\"><\/span><\/div><\/li>\n<\/ul>\n<\/div><\/div><\/li><li data-stel-auto-swiffy-slider-offset=\"18\"><div class=\"rwwp-featured-content-item rwwp-featured-content-item-product rwwp-featured-content-item-small\"><div class=\"woocommerce columns-1 stel-product-no-add_to_cart\"><ul class=\"products columns-1\">\n<li class=\"product type-product post-70777 status-publish first instock product_cat-accessoires product_cat-special-soleil-eclipse has-post-thumbnail taxable shipping-taxable purchasable product-type-simple\">\n\t<div class=\"stel-wc-product\"><a href=\"https:\/\/www.stelvision.com\/astro\/boutique\/lunettes-eclipse\/\" title=\"Lunettes d&#039;&eacute;clipse Soleils noirs\" class=\"woocommerce-LoopProduct-link woocommerce-loop-product__link\"><img decoding=\"async\" width=\"300\" height=\"300\" src=\"https:\/\/www.stelvision.com\/astro\/wp-content\/uploads\/2025\/09\/lunettes-trois-quarts-gauche-carre-1-300x300.webp\" class=\"attachment-woocommerce_thumbnail size-woocommerce_thumbnail\" alt=\"photo Lunettes d&#039;\u00e9clipse Soleils noirs, vue 3\/4 gauche\" srcset=\"https:\/\/www.stelvision.com\/astro\/wp-content\/uploads\/2025\/09\/lunettes-trois-quarts-gauche-carre-1-300x300.webp 300w, https:\/\/www.stelvision.com\/astro\/wp-content\/uploads\/2025\/09\/lunettes-trois-quarts-gauche-carre-1-1024x1024.webp 1024w, https:\/\/www.stelvision.com\/astro\/wp-content\/uploads\/2025\/09\/lunettes-trois-quarts-gauche-carre-1-150x150.webp 150w, https:\/\/www.stelvision.com\/astro\/wp-content\/uploads\/2025\/09\/lunettes-trois-quarts-gauche-carre-1-600x600.webp 600w, https:\/\/www.stelvision.com\/astro\/wp-content\/uploads\/2025\/09\/lunettes-trois-quarts-gauche-carre-1-1140x1140.webp 1140w, https:\/\/www.stelvision.com\/astro\/wp-content\/uploads\/2025\/09\/lunettes-trois-quarts-gauche-carre-1-750x750.webp 750w, https:\/\/www.stelvision.com\/astro\/wp-content\/uploads\/2025\/09\/lunettes-trois-quarts-gauche-carre-1-570x570.webp 570w, https:\/\/www.stelvision.com\/astro\/wp-content\/uploads\/2025\/09\/lunettes-trois-quarts-gauche-carre-1-368x368.webp 368w, https:\/\/www.stelvision.com\/astro\/wp-content\/uploads\/2025\/09\/lunettes-trois-quarts-gauche-carre-1-270x270.webp 270w, https:\/\/www.stelvision.com\/astro\/wp-content\/uploads\/2025\/09\/lunettes-trois-quarts-gauche-carre-1-62x62.webp 62w, https:\/\/www.stelvision.com\/astro\/wp-content\/uploads\/2025\/09\/lunettes-trois-quarts-gauche-carre-1-100x100.webp 100w, https:\/\/www.stelvision.com\/astro\/wp-content\/uploads\/2025\/09\/lunettes-trois-quarts-gauche-carre-1-1000x1000.webp 1000w, https:\/\/www.stelvision.com\/astro\/wp-content\/uploads\/2025\/09\/lunettes-trois-quarts-gauche-carre-1.webp 1400w\" sizes=\"(max-width: 300px) 100vw, 300px\" \/><h2 class=\"woocommerce-loop-product__title\">Lunettes d&rsquo;\u00e9clipse Soleils noirs<div class=\"stel-product-item-review-wrapper\"><div class=\"skeepers_product__stars\" data-product-id=\"70777\"><\/div><\/div><\/h2>\r\n\t<span class=\"price\"><span class=\"woocommerce-Price-amount amount\"><bdi>3.90<span class=\"woocommerce-Price-currencySymbol\">&euro;<\/span><\/bdi><\/span> <span class=\"rwwc-vat-price-hint\" onclick=\"rwStelvisionWooTaxesInfos.showTaxHintModal(event)\">TVA incluse (FR) <i class=\"neko-icon-info-circled\"><\/i><\/span><\/span>\r\n<div class=\"netreviews_bg_stars_big listStars\" title=\"4.611\/5\"><div><span class=\"nr-icon nr-star grey\"><\/span><span class=\"nr-icon nr-star grey\"><\/span><span class=\"nr-icon nr-star grey\"><\/span><span class=\"nr-icon nr-star grey\"><\/span><span class=\"nr-icon nr-star grey\"><\/span><\/div><div style=\"color: #4FB8D7 !important\"><span class=\"nr-icon nr-star\" style=\"width:20%;\"><\/span><span class=\"nr-icon nr-star\" style=\"width:20%;\"><\/span><span class=\"nr-icon nr-star\" style=\"width:20%;\"><\/span><span class=\"nr-icon nr-star\" style=\"width:20%;\"><\/span><span class=\"nr-icon nr-star\" style=\"width:12%;\"><\/span><\/div> <span class=\"reviewCount\">18 avis<\/span><\/div><\/a><span class=\" rw_stelvision_product_in_stock \"><span class=\"rw_stelvision_product_stock_msg\">En stock<\/span><\/span><a href=\"\/astro\/wp-json\/wp\/v2\/pages\/27050?add-to-cart=70777\" aria-describedby=\"woocommerce_loop_add_to_cart_link_describedby_70777_2\" data-quantity=\"1\" data-product_id=\"70777\" data-product-title=\"Lunettes d&rsquo;\u00e9clipse Soleils noirs&lt;div class=&quot;stel-product-item-review-wrapper&quot;&gt;&lt;div class=&quot;skeepers_product__stars&quot; data-product-id=&quot;70777&quot;&gt;&lt;\/div&gt;&lt;\/div&gt;\" class=\"button product_type_simple add_to_cart_button ajax_add_to_cart\" data-product_id=\"70777\" data-product_sku=\"3770011947485\" aria-label=\"Ajouter au panier\u00a0: &ldquo;Lunettes d&#039;\u00e9clipse Soleils noirs&rdquo;\" rel=\"nofollow\" data-success_message=\"\u00ab\u00a0Lunettes d&#039;\u00e9clipse Soleils noirs\u00a0\u00bb a \u00e9t\u00e9 ajout\u00e9 \u00e0 votre panier\" role=\"button\">Ajouter au panier<\/a><span id=\"woocommerce_loop_add_to_cart_link_describedby_70777_2\" class=\"screen-reader-text\"><\/span><\/div><\/li>\n<\/ul>\n<\/div><\/div><\/li><li data-stel-auto-swiffy-slider-offset=\"18\"><div class=\"rwwp-featured-content-item rwwp-featured-content-item-product rwwp-featured-content-item-small\"><div class=\"woocommerce columns-1 stel-product-no-add_to_cart\"><ul class=\"products columns-1\">\n<li class=\"product type-product post-74439 status-publish first onbackorder product_cat-telescopes-lunettes has-post-thumbnail taxable shipping-taxable purchasable product-type-simple\">\n\t<div class=\"stel-wc-product\"><a href=\"https:\/\/www.stelvision.com\/astro\/boutique\/telescope-dobson-130-flextube-heritage\/\" title=\"T&eacute;lescope Dobson 130 FlexTube Heritage\" class=\"woocommerce-LoopProduct-link woocommerce-loop-product__link\"><img decoding=\"async\" width=\"300\" height=\"300\" src=\"https:\/\/www.stelvision.com\/astro\/wp-content\/uploads\/2026\/03\/H130-vue1-IMG_8689-1200-300x300.webp\" class=\"attachment-woocommerce_thumbnail size-woocommerce_thumbnail\" alt=\"visuel produit Dobson 130 FlexTube Heritage. Photo : Stelvision\" srcset=\"https:\/\/www.stelvision.com\/astro\/wp-content\/uploads\/2026\/03\/H130-vue1-IMG_8689-1200-300x300.webp 300w, https:\/\/www.stelvision.com\/astro\/wp-content\/uploads\/2026\/03\/H130-vue1-IMG_8689-1200-1024x1024.webp 1024w, https:\/\/www.stelvision.com\/astro\/wp-content\/uploads\/2026\/03\/H130-vue1-IMG_8689-1200-150x150.webp 150w, https:\/\/www.stelvision.com\/astro\/wp-content\/uploads\/2026\/03\/H130-vue1-IMG_8689-1200-600x600.webp 600w, https:\/\/www.stelvision.com\/astro\/wp-content\/uploads\/2026\/03\/H130-vue1-IMG_8689-1200-1140x1140.webp 1140w, https:\/\/www.stelvision.com\/astro\/wp-content\/uploads\/2026\/03\/H130-vue1-IMG_8689-1200-750x750.webp 750w, https:\/\/www.stelvision.com\/astro\/wp-content\/uploads\/2026\/03\/H130-vue1-IMG_8689-1200-570x570.webp 570w, https:\/\/www.stelvision.com\/astro\/wp-content\/uploads\/2026\/03\/H130-vue1-IMG_8689-1200-368x368.webp 368w, https:\/\/www.stelvision.com\/astro\/wp-content\/uploads\/2026\/03\/H130-vue1-IMG_8689-1200-270x270.webp 270w, https:\/\/www.stelvision.com\/astro\/wp-content\/uploads\/2026\/03\/H130-vue1-IMG_8689-1200-62x62.webp 62w, https:\/\/www.stelvision.com\/astro\/wp-content\/uploads\/2026\/03\/H130-vue1-IMG_8689-1200-100x100.webp 100w, https:\/\/www.stelvision.com\/astro\/wp-content\/uploads\/2026\/03\/H130-vue1-IMG_8689-1200-1000x1000.webp 1000w, https:\/\/www.stelvision.com\/astro\/wp-content\/uploads\/2026\/03\/H130-vue1-IMG_8689-1200.webp 1200w\" sizes=\"(max-width: 300px) 100vw, 300px\" \/><h2 class=\"woocommerce-loop-product__title\">T\u00e9lescope Dobson 130 FlexTube Heritage<div class=\"stel-product-item-review-wrapper\"><div class=\"skeepers_product__stars\" data-product-id=\"74439\"><\/div><\/div><\/h2>\r\n\t<span class=\"price\"><span class=\"woocommerce-Price-amount amount\"><bdi>220.00<span class=\"woocommerce-Price-currencySymbol\">&euro;<\/span><\/bdi><\/span> <span class=\"rwwc-vat-price-hint\" onclick=\"rwStelvisionWooTaxesInfos.showTaxHintModal(event)\">TVA incluse (FR) <i class=\"neko-icon-info-circled\"><\/i><\/span><\/span>\r\n<\/a><span class=\" rw_stelvision_product_not_in_stock \"><span class=\" rw_stelvision_product_stock_msg \">En r\u00e9approvisionnement. Exp\u00e9di\u00e9 le 11 mai.<\/span><\/span><a href=\"\/astro\/wp-json\/wp\/v2\/pages\/27050?add-to-cart=74439\" aria-describedby=\"woocommerce_loop_add_to_cart_link_describedby_74439_3\" data-quantity=\"1\" data-product_id=\"74439\" data-product-title=\"T\u00e9lescope Dobson 130 FlexTube Heritage&lt;div class=&quot;stel-product-item-review-wrapper&quot;&gt;&lt;div class=&quot;skeepers_product__stars&quot; data-product-id=&quot;74439&quot;&gt;&lt;\/div&gt;&lt;\/div&gt;\" class=\"button product_type_simple add_to_cart_button ajax_add_to_cart\" data-product_id=\"74439\" data-product_sku=\"6970456092246\" aria-label=\"Ajouter au panier\u00a0: &ldquo;T\u00e9lescope Dobson 130 FlexTube Heritage&rdquo;\" rel=\"nofollow\" data-success_message=\"\u00ab\u00a0T\u00e9lescope Dobson 130 FlexTube Heritage\u00a0\u00bb a \u00e9t\u00e9 ajout\u00e9 \u00e0 votre panier\" role=\"button\">Ajouter au panier<\/a><span id=\"woocommerce_loop_add_to_cart_link_describedby_74439_3\" class=\"screen-reader-text\"><\/span><\/div><\/li>\n<\/ul>\n<\/div><\/div><\/li><li data-stel-auto-swiffy-slider-offset=\"18\"><div class=\"rwwp-featured-content-item rwwp-featured-content-item-product rwwp-featured-content-item-small\"><div class=\"woocommerce columns-1 stel-product-no-add_to_cart\"><ul class=\"products columns-1\">\n<li class=\"product type-product post-35532 status-publish first instock product_cat-edition has-post-thumbnail taxable shipping-taxable purchasable product-type-simple\">\n\t<div class=\"stel-wc-product\"><a href=\"https:\/\/www.stelvision.com\/astro\/boutique\/le-ciel-au-telescope\/\" title=\"Le Ciel au t&eacute;lescope - 110 observations essentielles &agrave; faire avec votre instrument\" class=\"woocommerce-LoopProduct-link woocommerce-loop-product__link\"><img decoding=\"async\" width=\"300\" height=\"300\" src=\"https:\/\/www.stelvision.com\/astro\/wp-content\/uploads\/2021\/07\/Ciel-au-telescope-couv-1024_carre-300x300.jpg\" class=\"attachment-woocommerce_thumbnail size-woocommerce_thumbnail\" alt=\"Le Ciel au t\u00e9lescope - 110 observations essentielles \u00e0 faire avec votre instrument\" srcset=\"https:\/\/www.stelvision.com\/astro\/wp-content\/uploads\/2021\/07\/Ciel-au-telescope-couv-1024_carre-300x300.jpg 300w, https:\/\/www.stelvision.com\/astro\/wp-content\/uploads\/2021\/07\/Ciel-au-telescope-couv-1024_carre.jpg 1024w, https:\/\/www.stelvision.com\/astro\/wp-content\/uploads\/2021\/07\/Ciel-au-telescope-couv-1024_carre-150x150.jpg 150w, https:\/\/www.stelvision.com\/astro\/wp-content\/uploads\/2021\/07\/Ciel-au-telescope-couv-1024_carre-768x768.jpg 768w, https:\/\/www.stelvision.com\/astro\/wp-content\/uploads\/2021\/07\/Ciel-au-telescope-couv-1024_carre-750x750.jpg 750w, https:\/\/www.stelvision.com\/astro\/wp-content\/uploads\/2021\/07\/Ciel-au-telescope-couv-1024_carre-570x570.jpg 570w, https:\/\/www.stelvision.com\/astro\/wp-content\/uploads\/2021\/07\/Ciel-au-telescope-couv-1024_carre-368x368.jpg 368w, https:\/\/www.stelvision.com\/astro\/wp-content\/uploads\/2021\/07\/Ciel-au-telescope-couv-1024_carre-270x270.jpg 270w, https:\/\/www.stelvision.com\/astro\/wp-content\/uploads\/2021\/07\/Ciel-au-telescope-couv-1024_carre-62x62.jpg 62w, https:\/\/www.stelvision.com\/astro\/wp-content\/uploads\/2021\/07\/Ciel-au-telescope-couv-1024_carre-100x100.jpg 100w, https:\/\/www.stelvision.com\/astro\/wp-content\/uploads\/2021\/07\/Ciel-au-telescope-couv-1024_carre-1000x1000.jpg 1000w\" sizes=\"(max-width: 300px) 100vw, 300px\" \/><h2 class=\"woocommerce-loop-product__title\">Le Ciel au t\u00e9lescope &#8211; 110 observations essentielles \u00e0 faire avec votre instrument<div class=\"stel-product-item-review-wrapper\"><div class=\"skeepers_product__stars\" data-product-id=\"35532\"><\/div><\/div><\/h2>\r\n\t<span class=\"price\"><span class=\"woocommerce-Price-amount amount\"><bdi>29.00<span class=\"woocommerce-Price-currencySymbol\">&euro;<\/span><\/bdi><\/span> <span class=\"rwwc-vat-price-hint\" onclick=\"rwStelvisionWooTaxesInfos.showTaxHintModal(event)\">TVA incluse (FR) <i class=\"neko-icon-info-circled\"><\/i><\/span><\/span>\r\n<div class=\"netreviews_bg_stars_big listStars\" title=\"4.89\/5\"><div><span class=\"nr-icon nr-star grey\"><\/span><span class=\"nr-icon nr-star grey\"><\/span><span class=\"nr-icon nr-star grey\"><\/span><span class=\"nr-icon nr-star grey\"><\/span><span class=\"nr-icon nr-star grey\"><\/span><\/div><div style=\"color: #4FB8D7 !important\"><span class=\"nr-icon nr-star\" style=\"width:20%;\"><\/span><span class=\"nr-icon nr-star\" style=\"width:20%;\"><\/span><span class=\"nr-icon nr-star\" style=\"width:20%;\"><\/span><span class=\"nr-icon nr-star\" style=\"width:20%;\"><\/span><span class=\"nr-icon nr-star\" style=\"width:18%;\"><\/span><\/div> <span class=\"reviewCount\">82 avis<\/span><\/div><\/a><span class=\" rw_stelvision_product_in_stock \"><span class=\"rw_stelvision_product_stock_msg\">En stock<\/span><\/span><a href=\"\/astro\/wp-json\/wp\/v2\/pages\/27050?add-to-cart=35532\" aria-describedby=\"woocommerce_loop_add_to_cart_link_describedby_35532_4\" data-quantity=\"1\" data-product_id=\"35532\" data-product-title=\"Le Ciel au t\u00e9lescope &#8211; 110 observations essentielles \u00e0 faire avec votre instrument&lt;div class=&quot;stel-product-item-review-wrapper&quot;&gt;&lt;div class=&quot;skeepers_product__stars&quot; data-product-id=&quot;35532&quot;&gt;&lt;\/div&gt;&lt;\/div&gt;\" class=\"button product_type_simple add_to_cart_button ajax_add_to_cart\" data-product_id=\"35532\" data-product_sku=\"9782956341741\" aria-label=\"Ajouter au panier\u00a0: &ldquo;Le Ciel au t\u00e9lescope - 110 observations essentielles \u00e0 faire avec votre instrument&rdquo;\" rel=\"nofollow\" data-success_message=\"\u00ab\u00a0Le Ciel au t\u00e9lescope - 110 observations essentielles \u00e0 faire avec votre instrument\u00a0\u00bb a \u00e9t\u00e9 ajout\u00e9 \u00e0 votre panier\" role=\"button\">Ajouter au panier<\/a><span id=\"woocommerce_loop_add_to_cart_link_describedby_35532_4\" class=\"screen-reader-text\"><\/span><\/div><\/li>\n<\/ul>\n<\/div><\/div><\/li><\/ul><button type=\"button\" class=\"slider-nav\" title=\"Slide pr&eacute;c&eacute;dente\"><\/button><button type=\"button\" class=\"slider-nav slider-nav-next\" title=\"Slide suivante\"><\/button><\/div><script type=\"text\/javascript\">\/*!rw_stel_js*\/rw_stelvision_theme_ready(\"rw_stelvision_theme\",function(){rw_stelvision_theme.swiffySliderAutoSlideSizes();});<\/script><\/div><\/div>\n\n\n\n<hr class=\"wp-block-separator has-alpha-channel-opacity\"\/>\n\n\n\n<div style=\"margin-bottom:3.0em; margin-top:0em;\"><\/div>\n\n\n\n<h2 class=\"wp-block-heading\">Les \u00e9v\u00e9nements c\u00e9lestes \u00e0 signaler<\/h2>\n\n\n\n<p>Notre page <a href=\"https:\/\/www.stelvision.com\/astro\/a-voir-actuellement-dans-le-ciel\/\">\u00c0 voir actuellement dans le ciel<\/a> signale les plan\u00e8tes et les \u00e9v\u00e9nements remarquables du moment. <\/p>\n\n\n\n<h2 class=\"wp-block-heading\">Observez la ronde des \u00e9toiles avec cette carte du ciel<\/h2>\n\n\n\n<p>Les \u00e9toiles sont regroup\u00e9es en <a href=\"https:\/\/www.stelvision.com\/astro\/qu-est-ce-qu-une-constellation\/\">constellations<\/a> que vous pouvez apprendre \u00e0 identifier. <strong>Commencez par la Grande Ourse<\/strong> qui est facile \u00e0 reconna\u00eetre et visible toute l&rsquo;ann\u00e9e. Rep\u00e9rez-la sur la carte et dans le vrai ciel. Progressez ensuite de constellation en constellation.<\/p>\n\n\n\n<p><strong>Au fil des heures<\/strong>, le ciel para\u00eet tourner autour de l&rsquo;<a href=\"https:\/\/www.stelvision.com\/astro\/etoile-polaire\/\">\u00e9toile Polaire<\/a> au centre de la carte. C&rsquo;est la rotation de la Terre sur elle-m\u00eame qui fait d\u00e9filer le ciel et provoque les levers et couchers des astres. Simulez ce mouvement en <strong>changeant l&rsquo;heure<\/strong> de la carte du ciel ou en <strong>d\u00e9pla\u00e7ant l\u00e9g\u00e8rement le curseur d&rsquo;animation<\/strong>. <\/p>\n\n\n\n<p><strong>Au fil des jours et des mois<\/strong>, la course de la Terre autour du Soleil nous fait voir une portion de ciel diff\u00e9rente. C&rsquo;est un deuxi\u00e8me mouvement de d\u00e9filement <a href=\"https:\/\/www.stelvision.com\/astro\/comprendre-mouvements-constellations\/\">qui se combine avec le premier<\/a>. Les \u00e9toiles reviennent ainsi chaque soir au m\u00eame endroit du ciel avec un peu d\u2019avance. Constatez-le en utilisant <strong>le bouton jour suivant<\/strong> ou <strong>en poussant le curseur d&rsquo;animation \u00e0 son avant-dernier cran<\/strong>.<\/p>\n\n\n\n<h2 class=\"wp-block-heading\">Les mouvements du Soleil, de la Lune et des plan\u00e8tes<\/h2>\n\n\n\n<p>Le Soleil, la Lune et les plan\u00e8tes du Syst\u00e8me solaire font partie de notre environnement imm\u00e9diat. Ils ont donc un mouvement perceptible au fil des jours par rapport aux \u00e9toiles qui sont beaucoup plus \u00e9loign\u00e9es. Observez ces mouvements sur la carte du ciel <strong>poussant le curseur d&rsquo;animation \u00e0 son dernier cran<\/strong>.  <\/p>\n\n\n\n<h2 class=\"wp-block-heading\" id=\"orientation\">Pourquoi l&rsquo;ouest appara\u00eet-il \u00e0 droite sur la carte, et l&rsquo;est \u00e0 gauche ?<\/h2>\n\n\n\n<p>Ce n&rsquo;est pas une erreur ! <a href=\"https:\/\/www.stelvision.com\/astro\/comment-utiliser-une-carte-du-ciel\/\">Lisez cet article pour le comprendre<\/a> et bien orienter votre carte du ciel sous les \u00e9toiles.<\/p>\n\n\n\n<div class=\"wp-block-columns boxFocus color1 is-layout-flex wp-container-core-columns-is-layout-9d6595d7 wp-block-columns-is-layout-flex\">\n<div class=\"wp-block-column is-layout-flow wp-block-column-is-layout-flow\"><div class=\"wp-block-image\">\n<figure class=\"aligncenter size-full\"><img decoding=\"async\" width=\"1200\" height=\"1200\" src=\"https:\/\/www.stelvision.com\/astro\/wp-content\/uploads\/2026\/04\/stelvision-365-ed16-1-couverture-1200-carre.webp\" alt=\"Visuel de couverture de la Carte du ciel Stelvision 365 \u00e9dition 16 de Bertrand d'Armagnac. Copyright Stelvision.\" class=\"wp-image-75331\" srcset=\"https:\/\/www.stelvision.com\/astro\/wp-content\/uploads\/2026\/04\/stelvision-365-ed16-1-couverture-1200-carre.webp 1200w, https:\/\/www.stelvision.com\/astro\/wp-content\/uploads\/2026\/04\/stelvision-365-ed16-1-couverture-1200-carre-300x300.webp 300w, https:\/\/www.stelvision.com\/astro\/wp-content\/uploads\/2026\/04\/stelvision-365-ed16-1-couverture-1200-carre-1024x1024.webp 1024w, https:\/\/www.stelvision.com\/astro\/wp-content\/uploads\/2026\/04\/stelvision-365-ed16-1-couverture-1200-carre-150x150.webp 150w, https:\/\/www.stelvision.com\/astro\/wp-content\/uploads\/2026\/04\/stelvision-365-ed16-1-couverture-1200-carre-600x600.webp 600w, https:\/\/www.stelvision.com\/astro\/wp-content\/uploads\/2026\/04\/stelvision-365-ed16-1-couverture-1200-carre-1140x1140.webp 1140w, https:\/\/www.stelvision.com\/astro\/wp-content\/uploads\/2026\/04\/stelvision-365-ed16-1-couverture-1200-carre-750x750.webp 750w, https:\/\/www.stelvision.com\/astro\/wp-content\/uploads\/2026\/04\/stelvision-365-ed16-1-couverture-1200-carre-570x570.webp 570w, https:\/\/www.stelvision.com\/astro\/wp-content\/uploads\/2026\/04\/stelvision-365-ed16-1-couverture-1200-carre-368x368.webp 368w, https:\/\/www.stelvision.com\/astro\/wp-content\/uploads\/2026\/04\/stelvision-365-ed16-1-couverture-1200-carre-270x270.webp 270w, https:\/\/www.stelvision.com\/astro\/wp-content\/uploads\/2026\/04\/stelvision-365-ed16-1-couverture-1200-carre-62x62.webp 62w, https:\/\/www.stelvision.com\/astro\/wp-content\/uploads\/2026\/04\/stelvision-365-ed16-1-couverture-1200-carre-100x100.webp 100w, https:\/\/www.stelvision.com\/astro\/wp-content\/uploads\/2026\/04\/stelvision-365-ed16-1-couverture-1200-carre-1000x1000.webp 1000w\" sizes=\"(max-width: 1200px) 100vw, 1200px\" \/><\/figure>\n<\/div><\/div>\n\n\n\n<div class=\"wp-block-column is-layout-flow wp-block-column-is-layout-flow\">\n<h2 class=\"wp-block-heading\">Connaissez-vous la version imprim\u00e9e de cette carte ?<\/h2>\n\n\n\n<p>La carte du ciel <a href=\"https:\/\/www.stelvision.com\/astro\/boutique\/carte-guide-du-ciel-stelvision-365\/?ref=carte-ciel\">Stelvision 365<\/a> est l&rsquo;\u00e9quivalent physique de la carte que vous consultez ici. Elle est bas\u00e9e sur un disque rotatif r\u00e9glable pour n&rsquo;importe quelle date. Vendue \u00e0 plus de 200 000 exemplaires, elle est <strong>agr\u00e9able \u00e0 consulter<\/strong>&#8230; et <strong>\u00e0 offrir<\/strong> !<\/p>\n\n\n\n<p>En librairie et sur la <a href=\"https:\/\/www.stelvision.com\/astro\/boutique\/?ref=carte-ciel\">Boutique Stelvision<\/a>.<\/p>\n<\/div>\n<\/div>\n\n\n\n<h2 class=\"wp-block-heading\">Ne ratez rien des spectacles du ciel<\/h2>\n\n\n\n<p>Pour \u00eatre s\u00fbr de ne rien manquer, abonnez-vous \u00e0 notre lettre d&rsquo;information mensuelle :<\/p>\n\n\n\n<div id=\"stel_newsletter_1\" class=\"stel_newsletter-wrapper stel_newsletter-style-normal\"><div class=\"stel_newsletter\"><div class=\"stel_newsletter-title\">Recevez notre Newsletter astro<\/div><div class=\"stel_newsletter-block\"><ul>\n    <li>L'actualit\u00e9 du ciel et nos nouveaut\u00e9s<\/li>\n    <li>Une \u00e0 deux fois par mois environ<\/li>\n    <li>D\u00e9sinscription possible \u00e0 tout moment<\/li>\n<\/ul><\/div><div class=\"rwwp_newsletter\"><div class=\"rwwp_newsletter-input-wrapper\"><input type=\"email\" class=\"rwwp_newsletter-input\" placeholder=\"Votre adresse e-mail\"><\/div><button type=\"button\" class=\"rwwp_newsletter-button\"><svg class=\"rwwp_newsletter-loader\" viewBox=\"0 0 512 512\"><path d=\"M460.116 373.846l-20.823-12.022c-5.541-3.199-7.54-10.159-4.663-15.874 30.137-59.886 28.343-131.652-5.386-189.946-33.641-58.394-94.896-95.833-161.827-99.676C261.028 55.961 256 50.751 256 44.352V20.309c0-6.904 5.808-12.337 12.703-11.982 83.556 4.306 160.163 50.864 202.11 123.677 42.063 72.696 44.079 162.316 6.031 236.832-3.14 6.148-10.75 8.461-16.728 5.01z\"><\/path><\/svg>Je m'inscris<\/button><div class=\"rwwp_newsletter-alert rwwp_newsletter-alert-ko-email\">Veuillez saisir une addresse e-mail valide.<\/div><div class=\"rwwp_newsletter-alert rwwp_newsletter-alert-ko\">Nous n'avons pas pu confirmer votre inscription.<\/div><div class=\"rwwp_newsletter-alert rwwp_newsletter-alert-ok\">Nous venons de vous envoyer un e-mail pour confirmer votre inscription. Merci de consulter votre messagerie et de cliquer sur le bouton de confirmation pr\u00e9sent dans cet e-mail.<\/div><\/div><\/div><\/div><script type=\"text\/javascript\">\/*!rw_stel_js*\/rw_stelvision_theme_ready(\"rw_newsletter\", function(){rw_newsletter.initialize(\"stel_newsletter_1\",\"formulaire-newsletter\");});<\/script>\n\n\n\n<div style=\"margin-bottom:1.0em; margin-top:0em;\"><\/div>\n\n\n\n<p><strong>Bon ciel et bonnes observations !<\/strong><\/p>\n","protected":false},"excerpt":{"rendered":"<p>Rep\u00e9rez les \u00e9toiles et les plan\u00e8tes, et simulez les mouvements du ciel ! La carte du ciel ne peut pas fonctionner car il semble que <a href=\"https:\/\/www.stelvision.com\/astro\/carte-ciel\/\" class=\"more-link\">&#8230;<span class=\"screen-reader-text\">  Carte du ciel du jour<\/span><\/a><\/p>\n","protected":false},"author":1,"featured_media":0,"parent":0,"menu_order":0,"comment_status":"closed","ping_status":"closed","template":"","meta":{"_acf_changed":false,"footnotes":""},"class_list":["post-27050","page","type-page","status-publish","hentry"],"acf":[],"yoast_head":"<!-- This site is optimized with the Yoast SEO plugin v27.1.1 - https:\/\/yoast.com\/product\/yoast-seo-wordpress\/ -->\n<title>Carte du ciel \u00e9toil\u00e9 en temps r\u00e9el<\/title>\n<meta name=\"description\" content=\"Une carte du ciel en ligne pour rep\u00e9rer facilement les constellations ainsi que les principales \u00e9toiles et plan\u00e8tes visibles \u00e0 l&#039;\u0153il nu.\" \/>\n<meta name=\"robots\" content=\"index, follow, max-snippet:-1, max-image-preview:large, max-video-preview:-1\" \/>\n<link rel=\"canonical\" href=\"https:\/\/www.stelvision.com\/astro\/carte-ciel\/\" \/>\n<meta property=\"og:locale\" content=\"fr_FR\" \/>\n<meta property=\"og:type\" content=\"article\" \/>\n<meta property=\"og:title\" content=\"Carte du ciel \u00e9toil\u00e9 en temps r\u00e9el\" \/>\n<meta property=\"og:description\" content=\"Une carte du ciel en ligne pour rep\u00e9rer facilement les constellations ainsi que les principales \u00e9toiles et plan\u00e8tes visibles \u00e0 l&#039;\u0153il nu.\" \/>\n<meta property=\"og:url\" content=\"https:\/\/www.stelvision.com\/astro\/carte-ciel\/\" \/>\n<meta property=\"og:site_name\" content=\"Stelvision\" \/>\n<meta property=\"article:publisher\" content=\"https:\/\/www.facebook.com\/people\/Stelvision\/100063368192331\/\" \/>\n<meta property=\"article:modified_time\" content=\"2026-04-23T15:31:21+00:00\" \/>\n<meta property=\"og:image\" content=\"https:\/\/www.stelvision.com\/astro\/wp-content\/uploads\/2021\/03\/image-carte-ciel-FB.jpg\" \/>\n\t<meta property=\"og:image:width\" content=\"1200\" \/>\n\t<meta property=\"og:image:height\" content=\"627\" \/>\n\t<meta property=\"og:image:type\" content=\"image\/jpeg\" \/>\n<meta name=\"twitter:card\" content=\"summary_large_image\" \/>\n<meta name=\"twitter:image\" content=\"https:\/\/www.stelvision.com\/astro\/wp-content\/uploads\/2021\/03\/image-carte-ciel-TW.jpg\" \/>\n<meta name=\"twitter:label1\" content=\"Dur\u00e9e de lecture estim\u00e9e\" \/>\n\t<meta name=\"twitter:data1\" content=\"4 minutes\" \/>\n<script type=\"application\/ld+json\" class=\"yoast-schema-graph\">{\"@context\":\"https:\/\/schema.org\",\"@graph\":[{\"@type\":\"WebPage\",\"@id\":\"https:\/\/www.stelvision.com\/astro\/carte-ciel\/\",\"url\":\"https:\/\/www.stelvision.com\/astro\/carte-ciel\/\",\"name\":\"Carte du ciel \u00e9toil\u00e9 en temps r\u00e9el\",\"isPartOf\":{\"@id\":\"https:\/\/www.stelvision.com\/astro\/#website\"},\"primaryImageOfPage\":{\"@id\":\"https:\/\/www.stelvision.com\/astro\/carte-ciel\/#primaryimage\"},\"image\":{\"@id\":\"https:\/\/www.stelvision.com\/astro\/carte-ciel\/#primaryimage\"},\"thumbnailUrl\":\"https:\/\/www.stelvision.com\/astro\/wp-content\/uploads\/2026\/04\/stelvision-365-ed16-1-couverture-1200-carre.webp\",\"datePublished\":\"2020-10-16T11:47:26+00:00\",\"dateModified\":\"2026-04-23T15:31:21+00:00\",\"description\":\"Une carte du ciel en ligne pour rep\u00e9rer facilement les constellations ainsi que les principales \u00e9toiles et plan\u00e8tes visibles \u00e0 l'\u0153il nu.\",\"breadcrumb\":{\"@id\":\"https:\/\/www.stelvision.com\/astro\/carte-ciel\/#breadcrumb\"},\"inLanguage\":\"fr-FR\",\"potentialAction\":[{\"@type\":\"ReadAction\",\"target\":[\"https:\/\/www.stelvision.com\/astro\/carte-ciel\/\"]}]},{\"@type\":\"ImageObject\",\"inLanguage\":\"fr-FR\",\"@id\":\"https:\/\/www.stelvision.com\/astro\/carte-ciel\/#primaryimage\",\"url\":\"https:\/\/www.stelvision.com\/astro\/wp-content\/uploads\/2026\/04\/stelvision-365-ed16-1-couverture-1200-carre.webp\",\"contentUrl\":\"https:\/\/www.stelvision.com\/astro\/wp-content\/uploads\/2026\/04\/stelvision-365-ed16-1-couverture-1200-carre.webp\",\"width\":1200,\"height\":1200,\"caption\":\"Visuel de couverture de la Carte du ciel Stelvision 365 \u00e9dition 16 de Bertrand d'Armagnac. Copyright Stelvision.\"},{\"@type\":\"BreadcrumbList\",\"@id\":\"https:\/\/www.stelvision.com\/astro\/carte-ciel\/#breadcrumb\",\"itemListElement\":[{\"@type\":\"ListItem\",\"position\":1,\"name\":\"Accueil\",\"item\":\"https:\/\/www.stelvision.com\/astro\/\"},{\"@type\":\"ListItem\",\"position\":2,\"name\":\"Carte du ciel du jour\"}]},{\"@type\":\"WebSite\",\"@id\":\"https:\/\/www.stelvision.com\/astro\/#website\",\"url\":\"https:\/\/www.stelvision.com\/astro\/\",\"name\":\"Stelvision\",\"description\":\"conseils, livres et mat\u00e9riel d&#039;observation du ciel\",\"publisher\":{\"@id\":\"https:\/\/www.stelvision.com\/astro\/#organization\"},\"potentialAction\":[{\"@type\":\"SearchAction\",\"target\":{\"@type\":\"EntryPoint\",\"urlTemplate\":\"https:\/\/www.stelvision.com\/astro\/?s={search_term_string}\"},\"query-input\":{\"@type\":\"PropertyValueSpecification\",\"valueRequired\":true,\"valueName\":\"search_term_string\"}}],\"inLanguage\":\"fr-FR\"},{\"@type\":\"Organization\",\"@id\":\"https:\/\/www.stelvision.com\/astro\/#organization\",\"name\":\"Stelvision\",\"url\":\"https:\/\/www.stelvision.com\/astro\/\",\"logo\":{\"@type\":\"ImageObject\",\"inLanguage\":\"fr-FR\",\"@id\":\"https:\/\/www.stelvision.com\/astro\/#\/schema\/logo\/image\/\",\"url\":\"https:\/\/www.stelvision.com\/astro\/wp-content\/uploads\/2019\/03\/logo_lisse_bleu_Stelvision_600.png\",\"contentUrl\":\"https:\/\/www.stelvision.com\/astro\/wp-content\/uploads\/2019\/03\/logo_lisse_bleu_Stelvision_600.png\",\"width\":600,\"height\":277,\"caption\":\"Stelvision\"},\"image\":{\"@id\":\"https:\/\/www.stelvision.com\/astro\/#\/schema\/logo\/image\/\"},\"sameAs\":[\"https:\/\/www.facebook.com\/people\/Stelvision\/100063368192331\/\"]}]}<\/script>\n<!-- \/ Yoast SEO plugin. -->","yoast_head_json":{"title":"Carte du ciel \u00e9toil\u00e9 en temps r\u00e9el","description":"Une carte du ciel en ligne pour rep\u00e9rer facilement les constellations ainsi que les principales \u00e9toiles et plan\u00e8tes visibles \u00e0 l'\u0153il nu.","robots":{"index":"index","follow":"follow","max-snippet":"max-snippet:-1","max-image-preview":"max-image-preview:large","max-video-preview":"max-video-preview:-1"},"canonical":"https:\/\/www.stelvision.com\/astro\/carte-ciel\/","og_locale":"fr_FR","og_type":"article","og_title":"Carte du ciel \u00e9toil\u00e9 en temps r\u00e9el","og_description":"Une carte du ciel en ligne pour rep\u00e9rer facilement les constellations ainsi que les principales \u00e9toiles et plan\u00e8tes visibles \u00e0 l'\u0153il nu.","og_url":"https:\/\/www.stelvision.com\/astro\/carte-ciel\/","og_site_name":"Stelvision","article_publisher":"https:\/\/www.facebook.com\/people\/Stelvision\/100063368192331\/","article_modified_time":"2026-04-23T15:31:21+00:00","og_image":[{"width":1200,"height":627,"url":"https:\/\/www.stelvision.com\/astro\/wp-content\/uploads\/2021\/03\/image-carte-ciel-FB.jpg","type":"image\/jpeg"}],"twitter_card":"summary_large_image","twitter_image":"https:\/\/www.stelvision.com\/astro\/wp-content\/uploads\/2021\/03\/image-carte-ciel-TW.jpg","twitter_misc":{"Dur\u00e9e de lecture estim\u00e9e":"4 minutes"},"schema":{"@context":"https:\/\/schema.org","@graph":[{"@type":"WebPage","@id":"https:\/\/www.stelvision.com\/astro\/carte-ciel\/","url":"https:\/\/www.stelvision.com\/astro\/carte-ciel\/","name":"Carte du ciel \u00e9toil\u00e9 en temps r\u00e9el","isPartOf":{"@id":"https:\/\/www.stelvision.com\/astro\/#website"},"primaryImageOfPage":{"@id":"https:\/\/www.stelvision.com\/astro\/carte-ciel\/#primaryimage"},"image":{"@id":"https:\/\/www.stelvision.com\/astro\/carte-ciel\/#primaryimage"},"thumbnailUrl":"https:\/\/www.stelvision.com\/astro\/wp-content\/uploads\/2026\/04\/stelvision-365-ed16-1-couverture-1200-carre.webp","datePublished":"2020-10-16T11:47:26+00:00","dateModified":"2026-04-23T15:31:21+00:00","description":"Une carte du ciel en ligne pour rep\u00e9rer facilement les constellations ainsi que les principales \u00e9toiles et plan\u00e8tes visibles \u00e0 l'\u0153il nu.","breadcrumb":{"@id":"https:\/\/www.stelvision.com\/astro\/carte-ciel\/#breadcrumb"},"inLanguage":"fr-FR","potentialAction":[{"@type":"ReadAction","target":["https:\/\/www.stelvision.com\/astro\/carte-ciel\/"]}]},{"@type":"ImageObject","inLanguage":"fr-FR","@id":"https:\/\/www.stelvision.com\/astro\/carte-ciel\/#primaryimage","url":"https:\/\/www.stelvision.com\/astro\/wp-content\/uploads\/2026\/04\/stelvision-365-ed16-1-couverture-1200-carre.webp","contentUrl":"https:\/\/www.stelvision.com\/astro\/wp-content\/uploads\/2026\/04\/stelvision-365-ed16-1-couverture-1200-carre.webp","width":1200,"height":1200,"caption":"Visuel de couverture de la Carte du ciel Stelvision 365 \u00e9dition 16 de Bertrand d'Armagnac. Copyright Stelvision."},{"@type":"BreadcrumbList","@id":"https:\/\/www.stelvision.com\/astro\/carte-ciel\/#breadcrumb","itemListElement":[{"@type":"ListItem","position":1,"name":"Accueil","item":"https:\/\/www.stelvision.com\/astro\/"},{"@type":"ListItem","position":2,"name":"Carte du ciel du jour"}]},{"@type":"WebSite","@id":"https:\/\/www.stelvision.com\/astro\/#website","url":"https:\/\/www.stelvision.com\/astro\/","name":"Stelvision","description":"conseils, livres et mat\u00e9riel d&#039;observation du ciel","publisher":{"@id":"https:\/\/www.stelvision.com\/astro\/#organization"},"potentialAction":[{"@type":"SearchAction","target":{"@type":"EntryPoint","urlTemplate":"https:\/\/www.stelvision.com\/astro\/?s={search_term_string}"},"query-input":{"@type":"PropertyValueSpecification","valueRequired":true,"valueName":"search_term_string"}}],"inLanguage":"fr-FR"},{"@type":"Organization","@id":"https:\/\/www.stelvision.com\/astro\/#organization","name":"Stelvision","url":"https:\/\/www.stelvision.com\/astro\/","logo":{"@type":"ImageObject","inLanguage":"fr-FR","@id":"https:\/\/www.stelvision.com\/astro\/#\/schema\/logo\/image\/","url":"https:\/\/www.stelvision.com\/astro\/wp-content\/uploads\/2019\/03\/logo_lisse_bleu_Stelvision_600.png","contentUrl":"https:\/\/www.stelvision.com\/astro\/wp-content\/uploads\/2019\/03\/logo_lisse_bleu_Stelvision_600.png","width":600,"height":277,"caption":"Stelvision"},"image":{"@id":"https:\/\/www.stelvision.com\/astro\/#\/schema\/logo\/image\/"},"sameAs":["https:\/\/www.facebook.com\/people\/Stelvision\/100063368192331\/"]}]}},"_links":{"self":[{"href":"https:\/\/www.stelvision.com\/astro\/wp-json\/wp\/v2\/pages\/27050","targetHints":{"allow":["GET"]}}],"collection":[{"href":"https:\/\/www.stelvision.com\/astro\/wp-json\/wp\/v2\/pages"}],"about":[{"href":"https:\/\/www.stelvision.com\/astro\/wp-json\/wp\/v2\/types\/page"}],"author":[{"embeddable":true,"href":"https:\/\/www.stelvision.com\/astro\/wp-json\/wp\/v2\/users\/1"}],"replies":[{"embeddable":true,"href":"https:\/\/www.stelvision.com\/astro\/wp-json\/wp\/v2\/comments?post=27050"}],"version-history":[{"count":183,"href":"https:\/\/www.stelvision.com\/astro\/wp-json\/wp\/v2\/pages\/27050\/revisions"}],"predecessor-version":[{"id":75795,"href":"https:\/\/www.stelvision.com\/astro\/wp-json\/wp\/v2\/pages\/27050\/revisions\/75795"}],"wp:attachment":[{"href":"https:\/\/www.stelvision.com\/astro\/wp-json\/wp\/v2\/media?parent=27050"}],"curies":[{"name":"wp","href":"https:\/\/api.w.org\/{rel}","templated":true}]}}