{"id":49426,"date":"2023-01-05T10:28:45","date_gmt":"2023-01-05T09:28:45","guid":{"rendered":"https:\/\/www.stelvision.com\/astro\/?page_id=49426"},"modified":"2025-02-13T11:04:49","modified_gmt":"2025-02-13T10:04:49","slug":"elongation-planete","status":"publish","type":"page","link":"https:\/\/www.stelvision.com\/astro\/elongation-planete\/","title":{"rendered":"Qu&rsquo;est-ce-que l&rsquo;\u00e9longation d&rsquo;une plan\u00e8te ?"},"content":{"rendered":"\n<p class=\"chapo\">Pour savoir si une plan\u00e8te est facilement observable, on utilise parfois le terme d&rsquo;\u00e9longation. Quelle notion se cache derri\u00e8re ce mot&nbsp;?<\/p>\n\n\n\n<h2 class=\"wp-block-heading\">Qu\u2019est-ce que l&rsquo;\u00e9longation&nbsp;?<\/h2>\n\n\n\n<p><em>L\u2019\u00e9longation<\/em> est l\u2019angle mesur\u00e9 en degr\u00e9s (\u00b0) par un observateur entre une plan\u00e8te et le Soleil, c&rsquo;est-\u00e0-dire leur \u00e9cart apparent. L\u2019\u00e9longation d\u2019une plan\u00e8te se mesure donc \u00e0 tout moment. Lorsqu\u2019elle atteint sa plus grande valeur avant de diminuer, on parle d<em>\u2019\u00e9longation maximale<\/em>.<\/p>\n\n\n<div class=\"wp-block-image\">\n<figure class=\"aligncenter size-full\"><a href=\"https:\/\/www.stelvision.com\/astro\/wp-content\/uploads\/2023\/01\/elongation-perspective_ok.jpg\" data-rel=\"lightbox-gallery-Y5PdtvMy\" data-rl_title=\"Sch\u00e9ma montrant le principe de l&rsquo;\u00e9longation d&rsquo;une plan\u00e8te\" data-rl_caption=\"\" title=\"Sch\u00e9ma montrant le principe de l&rsquo;\u00e9longation d&rsquo;une plan\u00e8te\"><img decoding=\"async\" width=\"1024\" height=\"536\" src=\"https:\/\/www.stelvision.com\/astro\/wp-content\/uploads\/2023\/01\/elongation-perspective_ok.jpg\" alt=\"Principe de l'\u00e9longation d'une plan\u00e8te\u00a0: on voit un observateur \u00e0 la surface de la Terre qui mesure un angle entre une plan\u00e8te et le soleil.\" class=\"wp-image-49500\" srcset=\"https:\/\/www.stelvision.com\/astro\/wp-content\/uploads\/2023\/01\/elongation-perspective_ok.jpg 1024w, https:\/\/www.stelvision.com\/astro\/wp-content\/uploads\/2023\/01\/elongation-perspective_ok-300x157.jpg 300w, https:\/\/www.stelvision.com\/astro\/wp-content\/uploads\/2023\/01\/elongation-perspective_ok-768x402.jpg 768w, https:\/\/www.stelvision.com\/astro\/wp-content\/uploads\/2023\/01\/elongation-perspective_ok-750x393.jpg 750w, https:\/\/www.stelvision.com\/astro\/wp-content\/uploads\/2023\/01\/elongation-perspective_ok-570x298.jpg 570w, https:\/\/www.stelvision.com\/astro\/wp-content\/uploads\/2023\/01\/elongation-perspective_ok-368x193.jpg 368w, https:\/\/www.stelvision.com\/astro\/wp-content\/uploads\/2023\/01\/elongation-perspective_ok-270x141.jpg 270w, https:\/\/www.stelvision.com\/astro\/wp-content\/uploads\/2023\/01\/elongation-perspective_ok-1000x523.jpg 1000w\" sizes=\"(max-width: 1024px) 100vw, 1024px\" \/><\/a><figcaption class=\"wp-element-caption\"><strong>Principe de l&rsquo;\u00e9longation d&rsquo;une plan\u00e8te.<\/strong><small> Illustration&nbsp;: Stelvision\/Carine Souplet<\/small><\/figcaption><\/figure>\n<\/div>\n\n\n<p><strong>Pour les plan\u00e8tes sup\u00e9rieures<\/strong> (plus \u00e9loign\u00e9es du Soleil que la Terre), la valeur de l\u2019\u00e9longation peut aller de z\u00e9ro \u00e0&nbsp;180\u00b0. Lorsque l\u2019\u00e9longation est de z\u00e9ro, alors la plan\u00e8te est en <a href=\"https:\/\/www.stelvision.com\/astro\/conjonction-opposition-planete\/#conjonction\">conjonction<\/a>. Lorsque sa valeur est de 180\u00b0, la plan\u00e8te est \u00e0 l\u2019<a href=\"https:\/\/www.stelvision.com\/astro\/conjonction-opposition-planete\/#opposition\">opposition<\/a>.<\/p>\n\n\n<div class=\"wp-block-image\">\n<figure class=\"aligncenter size-full\"><a href=\"https:\/\/www.stelvision.com\/astro\/wp-content\/uploads\/2023\/01\/elongation_sup.jpg\" data-rel=\"lightbox-gallery-Y5PdtvMy\" data-rl_title=\"Principe de mesure de l&rsquo;\u00e9longation d&rsquo;une plan\u00e8te\" data-rl_caption=\"\" title=\"Principe de mesure de l&rsquo;\u00e9longation d&rsquo;une plan\u00e8te\"><img decoding=\"async\" width=\"1024\" height=\"536\" src=\"https:\/\/www.stelvision.com\/astro\/wp-content\/uploads\/2023\/01\/elongation_sup.jpg\" alt=\"Sch\u00e9ma montrant le syst\u00e8me solaire du dessus avec le soleil au centre, la Terre et vu depuis celle-ci, l'angle form\u00e9 entre le soleil et une plan\u00e8te sup\u00e9rieure \u00e0 diff\u00e9rentes positions.\" class=\"wp-image-49485\" srcset=\"https:\/\/www.stelvision.com\/astro\/wp-content\/uploads\/2023\/01\/elongation_sup.jpg 1024w, https:\/\/www.stelvision.com\/astro\/wp-content\/uploads\/2023\/01\/elongation_sup-300x157.jpg 300w, https:\/\/www.stelvision.com\/astro\/wp-content\/uploads\/2023\/01\/elongation_sup-768x402.jpg 768w, https:\/\/www.stelvision.com\/astro\/wp-content\/uploads\/2023\/01\/elongation_sup-750x393.jpg 750w, https:\/\/www.stelvision.com\/astro\/wp-content\/uploads\/2023\/01\/elongation_sup-570x298.jpg 570w, https:\/\/www.stelvision.com\/astro\/wp-content\/uploads\/2023\/01\/elongation_sup-368x193.jpg 368w, https:\/\/www.stelvision.com\/astro\/wp-content\/uploads\/2023\/01\/elongation_sup-270x141.jpg 270w, https:\/\/www.stelvision.com\/astro\/wp-content\/uploads\/2023\/01\/elongation_sup-1000x523.jpg 1000w\" sizes=\"(max-width: 1024px) 100vw, 1024px\" \/><\/a><figcaption class=\"wp-element-caption\"><strong>Principe de mesure de l&rsquo;\u00e9longation pour les plan\u00e8tes sup\u00e9rieures.<\/strong><small> Illustration&nbsp;: Stelvision\/Carine Souplet<\/small><\/figcaption><\/figure>\n<\/div>\n\n\n<p><strong>Pour les plan\u00e8tes inf\u00e9rieures<\/strong> (plus proches du Soleil que la Terre, c\u2019est-\u00e0-dire Mercure et V\u00e9nus), l\u2019\u00e9longation maximale va de 17&nbsp;\u00e0&nbsp;28\u00b0 pour Mercure et de 45&nbsp;\u00e0&nbsp;48\u00b0 pour V\u00e9nus. Cette valeur est variable car les orbites des plan\u00e8tes ne sont pas circulaires, mais elliptiques.<br>Si la plan\u00e8te est visible le soir apr\u00e8s le coucher du Soleil, elle est situ\u00e9e \u00e0 l\u2019est de celui-ci&nbsp;: il s&rsquo;agit d&rsquo;une <em>\u00e9longation orientale<\/em>. Si la plan\u00e8te est visible le matin avant le lever du Soleil, elle est situ\u00e9e \u00e0 l\u2019ouest de celui-ci&nbsp;: il s&rsquo;agit d&rsquo;une <em>\u00e9longation occidentale<\/em>.<\/p>\n\n\n<div class=\"wp-block-image\">\n<figure class=\"aligncenter size-full\"><a href=\"https:\/\/www.stelvision.com\/astro\/wp-content\/uploads\/2022\/12\/elongation_inf.jpg\" data-rel=\"lightbox-gallery-Y5PdtvMy\" data-rl_title=\"Variation des valeurs de l&rsquo;\u00e9longation pour les plan\u00e8tes inf\u00e9rieures\" data-rl_caption=\"\" title=\"Variation des valeurs de l&rsquo;\u00e9longation pour les plan\u00e8tes inf\u00e9rieures\"><img decoding=\"async\" width=\"1024\" height=\"536\" src=\"https:\/\/www.stelvision.com\/astro\/wp-content\/uploads\/2022\/12\/elongation_inf.jpg\" alt=\"Sch\u00e9ma montrant le syst\u00e8me solaire du dessus avec le soleil au centre, la Terre et vu depuis celle-ci, l'angle form\u00e9 entre le soleil et les plan\u00e8tes inf\u00e9rieures \u00e0 diff\u00e9rentes positions.\" class=\"wp-image-49430\" srcset=\"https:\/\/www.stelvision.com\/astro\/wp-content\/uploads\/2022\/12\/elongation_inf.jpg 1024w, https:\/\/www.stelvision.com\/astro\/wp-content\/uploads\/2022\/12\/elongation_inf-300x157.jpg 300w, https:\/\/www.stelvision.com\/astro\/wp-content\/uploads\/2022\/12\/elongation_inf-768x402.jpg 768w, https:\/\/www.stelvision.com\/astro\/wp-content\/uploads\/2022\/12\/elongation_inf-750x393.jpg 750w, https:\/\/www.stelvision.com\/astro\/wp-content\/uploads\/2022\/12\/elongation_inf-570x298.jpg 570w, https:\/\/www.stelvision.com\/astro\/wp-content\/uploads\/2022\/12\/elongation_inf-368x193.jpg 368w, https:\/\/www.stelvision.com\/astro\/wp-content\/uploads\/2022\/12\/elongation_inf-270x141.jpg 270w, https:\/\/www.stelvision.com\/astro\/wp-content\/uploads\/2022\/12\/elongation_inf-1000x523.jpg 1000w\" sizes=\"(max-width: 1024px) 100vw, 1024px\" \/><\/a><figcaption class=\"wp-element-caption\"><strong>Principe de mesure de l&rsquo;\u00e9longation pour les plan\u00e8tes inf\u00e9rieures.<\/strong><small> Illustration&nbsp;: Stelvision\/Carine Souplet<\/small><\/figcaption><\/figure>\n<\/div>\n\n\n<p class=\"boxFocus color1\">En pratique, de mani\u00e8re g\u00e9n\u00e9rale, une plan\u00e8te est d&rsquo;autant mieux visible que son \u00e9longation est grande. Notez qu&rsquo;il faut aussi, pour garantir une visibilit\u00e9 optimale, qu&rsquo;elle s&rsquo;\u00e9l\u00e8ve suffisamment au-dessus de l&rsquo;horizon !<\/p>\n\n\n<div class=\"rwwp-featured-content-wrapper\"><div class=\"stel-auto-swiffy-slider rwwp-featured-content rwwp-featured-content-slides rwwp-featured-content-slides-alignment-top rwwp-featured-content-slides-carousel-yes\"><div class=\"swiffy-slider slider-item-show1   slider-nav-visible slider-nav-outside slider-nav-autoplay  slider-nav-dark slider-nav-autohide slider-item-first-visible slider-nav-autopause\" data-slider-nav-autoplay-interval=\"4000\" data-rwstelwp-uid=\"1777497520\"><ul class=\"slider-container\"><li data-stel-auto-swiffy-slider-offset=\"18\"><div class=\"rwwp-featured-content-item rwwp-featured-content-item-product rwwp-featured-content-item-small\"><div class=\"woocommerce columns-1 stel-product-no-add_to_cart\"><ul class=\"products columns-1\">\n<li class=\"product type-product post-1449 status-publish first instock product_cat-edition has-post-thumbnail taxable shipping-taxable purchasable product-type-simple\">\n\t<div class=\"stel-wc-product\"><a href=\"https:\/\/www.stelvision.com\/astro\/boutique\/carte-guide-du-ciel-stelvision-365\/\" title=\"Carte du ciel Stelvision 365 (16&egrave;me &eacute;dition)\" class=\"woocommerce-LoopProduct-link woocommerce-loop-product__link\"><img decoding=\"async\" width=\"300\" height=\"300\" src=\"https:\/\/www.stelvision.com\/astro\/wp-content\/uploads\/2026\/04\/stelvision-365-ed16-1-couverture-1200-carre-300x300.webp\" class=\"attachment-woocommerce_thumbnail size-woocommerce_thumbnail\" alt=\"Visuel de couverture de la Carte du ciel Stelvision 365 \u00e9dition 16 de Bertrand d&#039;Armagnac. Copyright Stelvision.\" srcset=\"https:\/\/www.stelvision.com\/astro\/wp-content\/uploads\/2026\/04\/stelvision-365-ed16-1-couverture-1200-carre-300x300.webp 300w, https:\/\/www.stelvision.com\/astro\/wp-content\/uploads\/2026\/04\/stelvision-365-ed16-1-couverture-1200-carre-1024x1024.webp 1024w, https:\/\/www.stelvision.com\/astro\/wp-content\/uploads\/2026\/04\/stelvision-365-ed16-1-couverture-1200-carre-150x150.webp 150w, https:\/\/www.stelvision.com\/astro\/wp-content\/uploads\/2026\/04\/stelvision-365-ed16-1-couverture-1200-carre-600x600.webp 600w, https:\/\/www.stelvision.com\/astro\/wp-content\/uploads\/2026\/04\/stelvision-365-ed16-1-couverture-1200-carre-1140x1140.webp 1140w, https:\/\/www.stelvision.com\/astro\/wp-content\/uploads\/2026\/04\/stelvision-365-ed16-1-couverture-1200-carre-750x750.webp 750w, https:\/\/www.stelvision.com\/astro\/wp-content\/uploads\/2026\/04\/stelvision-365-ed16-1-couverture-1200-carre-570x570.webp 570w, https:\/\/www.stelvision.com\/astro\/wp-content\/uploads\/2026\/04\/stelvision-365-ed16-1-couverture-1200-carre-368x368.webp 368w, https:\/\/www.stelvision.com\/astro\/wp-content\/uploads\/2026\/04\/stelvision-365-ed16-1-couverture-1200-carre-270x270.webp 270w, https:\/\/www.stelvision.com\/astro\/wp-content\/uploads\/2026\/04\/stelvision-365-ed16-1-couverture-1200-carre-62x62.webp 62w, https:\/\/www.stelvision.com\/astro\/wp-content\/uploads\/2026\/04\/stelvision-365-ed16-1-couverture-1200-carre-100x100.webp 100w, https:\/\/www.stelvision.com\/astro\/wp-content\/uploads\/2026\/04\/stelvision-365-ed16-1-couverture-1200-carre-1000x1000.webp 1000w, https:\/\/www.stelvision.com\/astro\/wp-content\/uploads\/2026\/04\/stelvision-365-ed16-1-couverture-1200-carre.webp 1200w\" sizes=\"(max-width: 300px) 100vw, 300px\" \/><h2 class=\"woocommerce-loop-product__title\">Carte du ciel Stelvision 365 (16\u00e8me \u00e9dition)<div class=\"stel-product-item-review-wrapper\"><div class=\"skeepers_product__stars\" data-product-id=\"1449\"><\/div><script type=\"text\/javascript\">\/*!rw_stel_js*\/window.$ = jQuery;<\/script><script async charset=\"utf-8\" src=\"https:\/\/widgets.rr.skeepers.io\/product\/29f32d37-16d4-4b94-e954-a24712bd5a0f\/49f1f3bb-3583-4096-a330-61b13d46555d.js\"><\/script><\/div><\/h2>\r\n\t<span class=\"price\"><span class=\"woocommerce-Price-amount amount\"><bdi>19.90<span class=\"woocommerce-Price-currencySymbol\">&euro;<\/span><\/bdi><\/span> <span class=\"rwwc-vat-price-hint\" onclick=\"rwStelvisionWooTaxesInfos.showTaxHintModal(event)\">TVA incluse (FR) <i class=\"neko-icon-info-circled\"><\/i><\/span><\/span>\r\n<div class=\"netreviews_bg_stars_big listStars\" title=\"4.843\/5\"><div><span class=\"nr-icon nr-star grey\"><\/span><span class=\"nr-icon nr-star grey\"><\/span><span class=\"nr-icon nr-star grey\"><\/span><span class=\"nr-icon nr-star grey\"><\/span><span class=\"nr-icon nr-star grey\"><\/span><\/div><div style=\"color: #4FB8D7 !important\"><span class=\"nr-icon nr-star\" style=\"width:20%;\"><\/span><span class=\"nr-icon nr-star\" style=\"width:20%;\"><\/span><span class=\"nr-icon nr-star\" style=\"width:20%;\"><\/span><span class=\"nr-icon nr-star\" style=\"width:20%;\"><\/span><span class=\"nr-icon nr-star\" style=\"width:16%;\"><\/span><\/div> <span class=\"reviewCount\">153 avis<\/span><\/div><\/a><span class=\" rw_stelvision_product_in_stock \"><span class=\"rw_stelvision_product_stock_msg\">En stock<\/span><\/span><a href=\"\/astro\/wp-json\/wp\/v2\/pages\/49426?add-to-cart=1449\" aria-describedby=\"woocommerce_loop_add_to_cart_link_describedby_14490\" data-quantity=\"1\" data-product_id=\"1449\" data-product-title=\"Carte du ciel Stelvision 365 (16\u00e8me \u00e9dition)&lt;div class=&quot;stel-product-item-review-wrapper&quot;&gt;&lt;div class=&quot;skeepers_product__stars&quot; data-product-id=&quot;1449&quot;&gt;&lt;\/div&gt;&lt;\/div&gt;\" class=\"button product_type_simple add_to_cart_button ajax_add_to_cart\" data-product_id=\"1449\" data-product_sku=\"9782958661977\" aria-label=\"Ajouter au panier\u00a0: &ldquo;Carte du ciel Stelvision 365 (16\u00e8me \u00e9dition)&rdquo;\" rel=\"nofollow\" data-success_message=\"\u00ab\u00a0Carte du ciel Stelvision 365 (16\u00e8me \u00e9dition)\u00a0\u00bb a \u00e9t\u00e9 ajout\u00e9 \u00e0 votre panier\" role=\"button\">Ajouter au panier<\/a><span id=\"woocommerce_loop_add_to_cart_link_describedby_14490\" class=\"screen-reader-text\"><\/span><\/div><\/li>\n<\/ul>\n<\/div><\/div><\/li><li data-stel-auto-swiffy-slider-offset=\"18\"><div class=\"rwwp-featured-content-item rwwp-featured-content-item-product rwwp-featured-content-item-small\"><div class=\"woocommerce columns-1 stel-product-no-add_to_cart\"><ul class=\"products columns-1\">\n<li class=\"product type-product post-70853 status-publish first instock product_cat-edition product_cat-special-soleil-eclipse has-post-thumbnail taxable shipping-taxable purchasable product-type-simple\">\n\t<div class=\"stel-wc-product\"><a href=\"https:\/\/www.stelvision.com\/astro\/boutique\/les-soleils-noirs-de-2026-et-2027\/\" title=\"Les Soleils noirs de 2026 et 2027 - Le guide complet des &eacute;clipses des 12 ao&ucirc;t 2026 et 2 ao&ucirc;t 2027\" class=\"woocommerce-LoopProduct-link woocommerce-loop-product__link\"><img decoding=\"async\" width=\"300\" height=\"300\" src=\"https:\/\/www.stelvision.com\/astro\/wp-content\/uploads\/2025\/09\/Soleils-noirs-couverture-1200x1200-1-300x300.webp\" class=\"attachment-woocommerce_thumbnail size-woocommerce_thumbnail\" alt=\"couverture Les Soleils noirs de 2026 et 2027, de Jean-Marc Lecleire, \u00e9ditions Stelvision\" srcset=\"https:\/\/www.stelvision.com\/astro\/wp-content\/uploads\/2025\/09\/Soleils-noirs-couverture-1200x1200-1-300x300.webp 300w, https:\/\/www.stelvision.com\/astro\/wp-content\/uploads\/2025\/09\/Soleils-noirs-couverture-1200x1200-1-1024x1024.webp 1024w, https:\/\/www.stelvision.com\/astro\/wp-content\/uploads\/2025\/09\/Soleils-noirs-couverture-1200x1200-1-150x150.webp 150w, https:\/\/www.stelvision.com\/astro\/wp-content\/uploads\/2025\/09\/Soleils-noirs-couverture-1200x1200-1-600x600.webp 600w, https:\/\/www.stelvision.com\/astro\/wp-content\/uploads\/2025\/09\/Soleils-noirs-couverture-1200x1200-1-1140x1140.webp 1140w, https:\/\/www.stelvision.com\/astro\/wp-content\/uploads\/2025\/09\/Soleils-noirs-couverture-1200x1200-1-750x750.webp 750w, https:\/\/www.stelvision.com\/astro\/wp-content\/uploads\/2025\/09\/Soleils-noirs-couverture-1200x1200-1-570x570.webp 570w, https:\/\/www.stelvision.com\/astro\/wp-content\/uploads\/2025\/09\/Soleils-noirs-couverture-1200x1200-1-368x368.webp 368w, https:\/\/www.stelvision.com\/astro\/wp-content\/uploads\/2025\/09\/Soleils-noirs-couverture-1200x1200-1-270x270.webp 270w, https:\/\/www.stelvision.com\/astro\/wp-content\/uploads\/2025\/09\/Soleils-noirs-couverture-1200x1200-1-62x62.webp 62w, https:\/\/www.stelvision.com\/astro\/wp-content\/uploads\/2025\/09\/Soleils-noirs-couverture-1200x1200-1-100x100.webp 100w, https:\/\/www.stelvision.com\/astro\/wp-content\/uploads\/2025\/09\/Soleils-noirs-couverture-1200x1200-1-1000x1000.webp 1000w, https:\/\/www.stelvision.com\/astro\/wp-content\/uploads\/2025\/09\/Soleils-noirs-couverture-1200x1200-1.webp 1200w\" sizes=\"(max-width: 300px) 100vw, 300px\" \/><h2 class=\"woocommerce-loop-product__title\">Les Soleils noirs de 2026 et 2027 &#8211; Le guide complet des \u00e9clipses des 12 ao\u00fbt 2026 et 2 ao\u00fbt 2027<div class=\"stel-product-item-review-wrapper\"><div class=\"skeepers_product__stars\" data-product-id=\"70853\"><\/div><\/div><\/h2>\r\n\t<span class=\"price\"><span class=\"woocommerce-Price-amount amount\"><bdi>21.00<span class=\"woocommerce-Price-currencySymbol\">&euro;<\/span><\/bdi><\/span> <span class=\"rwwc-vat-price-hint\" onclick=\"rwStelvisionWooTaxesInfos.showTaxHintModal(event)\">TVA incluse (FR) <i class=\"neko-icon-info-circled\"><\/i><\/span><\/span>\r\n<div class=\"netreviews_bg_stars_big listStars\" title=\"4.96\/5\"><div><span class=\"nr-icon nr-star grey\"><\/span><span class=\"nr-icon nr-star grey\"><\/span><span class=\"nr-icon nr-star grey\"><\/span><span class=\"nr-icon nr-star grey\"><\/span><span class=\"nr-icon nr-star grey\"><\/span><\/div><div style=\"color: #4FB8D7 !important\"><span class=\"nr-icon nr-star\" style=\"width:20%;\"><\/span><span class=\"nr-icon nr-star\" style=\"width:20%;\"><\/span><span class=\"nr-icon nr-star\" style=\"width:20%;\"><\/span><span class=\"nr-icon nr-star\" style=\"width:20%;\"><\/span><span class=\"nr-icon nr-star\" style=\"width:20%;\"><\/span><\/div> <span class=\"reviewCount\">25 avis<\/span><\/div><\/a><span class=\" rw_stelvision_product_in_stock \"><span class=\"rw_stelvision_product_stock_msg\">En stock<\/span><\/span><a href=\"\/astro\/wp-json\/wp\/v2\/pages\/49426?add-to-cart=70853\" aria-describedby=\"woocommerce_loop_add_to_cart_link_describedby_70853_1\" data-quantity=\"1\" data-product_id=\"70853\" data-product-title=\"Les Soleils noirs de 2026 et 2027 &#8211; Le guide complet des \u00e9clipses des 12 ao\u00fbt 2026 et 2 ao\u00fbt 2027&lt;div class=&quot;stel-product-item-review-wrapper&quot;&gt;&lt;div class=&quot;skeepers_product__stars&quot; data-product-id=&quot;70853&quot;&gt;&lt;\/div&gt;&lt;\/div&gt;\" class=\"button product_type_simple add_to_cart_button ajax_add_to_cart\" data-product_id=\"70853\" data-product_sku=\"9782958661960\" aria-label=\"Ajouter au panier\u00a0: &ldquo;Les Soleils noirs de 2026 et 2027 - Le guide complet des \u00e9clipses des 12 ao\u00fbt 2026 et 2 ao\u00fbt 2027&rdquo;\" rel=\"nofollow\" data-success_message=\"\u00ab\u00a0Les Soleils noirs de 2026 et 2027 - Le guide complet des \u00e9clipses des 12 ao\u00fbt 2026 et 2 ao\u00fbt 2027\u00a0\u00bb a \u00e9t\u00e9 ajout\u00e9 \u00e0 votre panier\" role=\"button\">Ajouter au panier<\/a><span id=\"woocommerce_loop_add_to_cart_link_describedby_70853_1\" class=\"screen-reader-text\"><\/span><\/div><\/li>\n<\/ul>\n<\/div><\/div><\/li><li data-stel-auto-swiffy-slider-offset=\"18\"><div class=\"rwwp-featured-content-item rwwp-featured-content-item-product rwwp-featured-content-item-small\"><div class=\"woocommerce columns-1 stel-product-no-add_to_cart\"><ul class=\"products columns-1\">\n<li class=\"product type-product post-70777 status-publish first instock product_cat-accessoires product_cat-special-soleil-eclipse has-post-thumbnail taxable shipping-taxable purchasable product-type-simple\">\n\t<div class=\"stel-wc-product\"><a href=\"https:\/\/www.stelvision.com\/astro\/boutique\/lunettes-eclipse\/\" title=\"Lunettes d&#039;&eacute;clipse Soleils noirs\" class=\"woocommerce-LoopProduct-link woocommerce-loop-product__link\"><img decoding=\"async\" width=\"300\" height=\"300\" src=\"https:\/\/www.stelvision.com\/astro\/wp-content\/uploads\/2025\/09\/lunettes-trois-quarts-gauche-carre-1-300x300.webp\" class=\"attachment-woocommerce_thumbnail size-woocommerce_thumbnail\" alt=\"photo Lunettes d&#039;\u00e9clipse Soleils noirs, vue 3\/4 gauche\" srcset=\"https:\/\/www.stelvision.com\/astro\/wp-content\/uploads\/2025\/09\/lunettes-trois-quarts-gauche-carre-1-300x300.webp 300w, https:\/\/www.stelvision.com\/astro\/wp-content\/uploads\/2025\/09\/lunettes-trois-quarts-gauche-carre-1-1024x1024.webp 1024w, https:\/\/www.stelvision.com\/astro\/wp-content\/uploads\/2025\/09\/lunettes-trois-quarts-gauche-carre-1-150x150.webp 150w, https:\/\/www.stelvision.com\/astro\/wp-content\/uploads\/2025\/09\/lunettes-trois-quarts-gauche-carre-1-600x600.webp 600w, https:\/\/www.stelvision.com\/astro\/wp-content\/uploads\/2025\/09\/lunettes-trois-quarts-gauche-carre-1-1140x1140.webp 1140w, https:\/\/www.stelvision.com\/astro\/wp-content\/uploads\/2025\/09\/lunettes-trois-quarts-gauche-carre-1-750x750.webp 750w, https:\/\/www.stelvision.com\/astro\/wp-content\/uploads\/2025\/09\/lunettes-trois-quarts-gauche-carre-1-570x570.webp 570w, https:\/\/www.stelvision.com\/astro\/wp-content\/uploads\/2025\/09\/lunettes-trois-quarts-gauche-carre-1-368x368.webp 368w, https:\/\/www.stelvision.com\/astro\/wp-content\/uploads\/2025\/09\/lunettes-trois-quarts-gauche-carre-1-270x270.webp 270w, https:\/\/www.stelvision.com\/astro\/wp-content\/uploads\/2025\/09\/lunettes-trois-quarts-gauche-carre-1-62x62.webp 62w, https:\/\/www.stelvision.com\/astro\/wp-content\/uploads\/2025\/09\/lunettes-trois-quarts-gauche-carre-1-100x100.webp 100w, https:\/\/www.stelvision.com\/astro\/wp-content\/uploads\/2025\/09\/lunettes-trois-quarts-gauche-carre-1-1000x1000.webp 1000w, https:\/\/www.stelvision.com\/astro\/wp-content\/uploads\/2025\/09\/lunettes-trois-quarts-gauche-carre-1.webp 1400w\" sizes=\"(max-width: 300px) 100vw, 300px\" \/><h2 class=\"woocommerce-loop-product__title\">Lunettes d&rsquo;\u00e9clipse Soleils noirs<div class=\"stel-product-item-review-wrapper\"><div class=\"skeepers_product__stars\" data-product-id=\"70777\"><\/div><\/div><\/h2>\r\n\t<span class=\"price\"><span class=\"woocommerce-Price-amount amount\"><bdi>3.90<span class=\"woocommerce-Price-currencySymbol\">&euro;<\/span><\/bdi><\/span> <span class=\"rwwc-vat-price-hint\" onclick=\"rwStelvisionWooTaxesInfos.showTaxHintModal(event)\">TVA incluse (FR) <i class=\"neko-icon-info-circled\"><\/i><\/span><\/span>\r\n<div class=\"netreviews_bg_stars_big listStars\" title=\"4.611\/5\"><div><span class=\"nr-icon nr-star grey\"><\/span><span class=\"nr-icon nr-star grey\"><\/span><span class=\"nr-icon nr-star grey\"><\/span><span class=\"nr-icon nr-star grey\"><\/span><span class=\"nr-icon nr-star grey\"><\/span><\/div><div style=\"color: #4FB8D7 !important\"><span class=\"nr-icon nr-star\" style=\"width:20%;\"><\/span><span class=\"nr-icon nr-star\" style=\"width:20%;\"><\/span><span class=\"nr-icon nr-star\" style=\"width:20%;\"><\/span><span class=\"nr-icon nr-star\" style=\"width:20%;\"><\/span><span class=\"nr-icon nr-star\" style=\"width:12%;\"><\/span><\/div> <span class=\"reviewCount\">18 avis<\/span><\/div><\/a><span class=\" rw_stelvision_product_in_stock \"><span class=\"rw_stelvision_product_stock_msg\">En stock<\/span><\/span><a href=\"\/astro\/wp-json\/wp\/v2\/pages\/49426?add-to-cart=70777\" aria-describedby=\"woocommerce_loop_add_to_cart_link_describedby_70777_2\" data-quantity=\"1\" data-product_id=\"70777\" data-product-title=\"Lunettes d&rsquo;\u00e9clipse Soleils noirs&lt;div class=&quot;stel-product-item-review-wrapper&quot;&gt;&lt;div class=&quot;skeepers_product__stars&quot; data-product-id=&quot;70777&quot;&gt;&lt;\/div&gt;&lt;\/div&gt;\" class=\"button product_type_simple add_to_cart_button ajax_add_to_cart\" data-product_id=\"70777\" data-product_sku=\"3770011947485\" aria-label=\"Ajouter au panier\u00a0: &ldquo;Lunettes d&#039;\u00e9clipse Soleils noirs&rdquo;\" rel=\"nofollow\" data-success_message=\"\u00ab\u00a0Lunettes d&#039;\u00e9clipse Soleils noirs\u00a0\u00bb a \u00e9t\u00e9 ajout\u00e9 \u00e0 votre panier\" role=\"button\">Ajouter au panier<\/a><span id=\"woocommerce_loop_add_to_cart_link_describedby_70777_2\" class=\"screen-reader-text\"><\/span><\/div><\/li>\n<\/ul>\n<\/div><\/div><\/li><li data-stel-auto-swiffy-slider-offset=\"18\"><div class=\"rwwp-featured-content-item rwwp-featured-content-item-product rwwp-featured-content-item-small\"><div class=\"woocommerce columns-1 stel-product-no-add_to_cart\"><ul class=\"products columns-1\">\n<li class=\"product type-product post-72695 status-publish first instock product_cat-telescopes-lunettes has-post-thumbnail taxable shipping-taxable purchasable product-type-simple\">\n\t<div class=\"stel-wc-product\"><a href=\"https:\/\/www.stelvision.com\/astro\/boutique\/telescope-maksygo-60\/\" title=\"T&eacute;lescope mini-Dobson MaksyGo 60\" class=\"woocommerce-LoopProduct-link woocommerce-loop-product__link\"><img decoding=\"async\" width=\"300\" height=\"300\" src=\"https:\/\/www.stelvision.com\/astro\/wp-content\/uploads\/2026\/03\/Mak60_vue1_IMG_8642_1200-300x300.webp\" class=\"attachment-woocommerce_thumbnail size-woocommerce_thumbnail\" alt=\"visuel produit mini-Dobson MaksyGo 60. Photo : Stelvision\" srcset=\"https:\/\/www.stelvision.com\/astro\/wp-content\/uploads\/2026\/03\/Mak60_vue1_IMG_8642_1200-300x300.webp 300w, https:\/\/www.stelvision.com\/astro\/wp-content\/uploads\/2026\/03\/Mak60_vue1_IMG_8642_1200-1024x1024.webp 1024w, https:\/\/www.stelvision.com\/astro\/wp-content\/uploads\/2026\/03\/Mak60_vue1_IMG_8642_1200-150x150.webp 150w, https:\/\/www.stelvision.com\/astro\/wp-content\/uploads\/2026\/03\/Mak60_vue1_IMG_8642_1200-600x600.webp 600w, https:\/\/www.stelvision.com\/astro\/wp-content\/uploads\/2026\/03\/Mak60_vue1_IMG_8642_1200-1140x1140.webp 1140w, https:\/\/www.stelvision.com\/astro\/wp-content\/uploads\/2026\/03\/Mak60_vue1_IMG_8642_1200-750x750.webp 750w, https:\/\/www.stelvision.com\/astro\/wp-content\/uploads\/2026\/03\/Mak60_vue1_IMG_8642_1200-570x570.webp 570w, https:\/\/www.stelvision.com\/astro\/wp-content\/uploads\/2026\/03\/Mak60_vue1_IMG_8642_1200-368x368.webp 368w, https:\/\/www.stelvision.com\/astro\/wp-content\/uploads\/2026\/03\/Mak60_vue1_IMG_8642_1200-270x270.webp 270w, https:\/\/www.stelvision.com\/astro\/wp-content\/uploads\/2026\/03\/Mak60_vue1_IMG_8642_1200-62x62.webp 62w, https:\/\/www.stelvision.com\/astro\/wp-content\/uploads\/2026\/03\/Mak60_vue1_IMG_8642_1200-100x100.webp 100w, https:\/\/www.stelvision.com\/astro\/wp-content\/uploads\/2026\/03\/Mak60_vue1_IMG_8642_1200-1000x1000.webp 1000w, https:\/\/www.stelvision.com\/astro\/wp-content\/uploads\/2026\/03\/Mak60_vue1_IMG_8642_1200.webp 1200w\" sizes=\"(max-width: 300px) 100vw, 300px\" \/><h2 class=\"woocommerce-loop-product__title\">T\u00e9lescope mini-Dobson MaksyGo 60<div class=\"stel-product-item-review-wrapper\"><div class=\"skeepers_product__stars\" data-product-id=\"72695\"><\/div><\/div><\/h2>\r\n\t<span class=\"price\"><span class=\"woocommerce-Price-amount amount\"><bdi>135.00<span class=\"woocommerce-Price-currencySymbol\">&euro;<\/span><\/bdi><\/span> <span class=\"rwwc-vat-price-hint\" onclick=\"rwStelvisionWooTaxesInfos.showTaxHintModal(event)\">TVA incluse (FR) <i class=\"neko-icon-info-circled\"><\/i><\/span><\/span>\r\n<div class=\"netreviews_bg_stars_big listStars\" title=\"5\/5\"><div><span class=\"nr-icon nr-star grey\"><\/span><span class=\"nr-icon nr-star grey\"><\/span><span class=\"nr-icon nr-star grey\"><\/span><span class=\"nr-icon nr-star grey\"><\/span><span class=\"nr-icon nr-star grey\"><\/span><\/div><div style=\"color: #4FB8D7 !important\"><span class=\"nr-icon nr-star\" style=\"width:20%;\"><\/span><span class=\"nr-icon nr-star\" style=\"width:20%;\"><\/span><span class=\"nr-icon nr-star\" style=\"width:20%;\"><\/span><span class=\"nr-icon nr-star\" style=\"width:20%;\"><\/span><span class=\"nr-icon nr-star\" style=\"width:20%;\"><\/span><\/div> <span class=\"reviewCount\">2 avis<\/span><\/div><\/a><span class=\" rw_stelvision_product_in_stock \"><span class=\"rw_stelvision_product_stock_msg\">En stock<\/span><\/span><a href=\"\/astro\/wp-json\/wp\/v2\/pages\/49426?add-to-cart=72695\" aria-describedby=\"woocommerce_loop_add_to_cart_link_describedby_72695_3\" data-quantity=\"1\" data-product_id=\"72695\" data-product-title=\"T\u00e9lescope mini-Dobson MaksyGo 60&lt;div class=&quot;stel-product-item-review-wrapper&quot;&gt;&lt;div class=&quot;skeepers_product__stars&quot; data-product-id=&quot;72695&quot;&gt;&lt;\/div&gt;&lt;\/div&gt;\" class=\"button product_type_simple add_to_cart_button ajax_add_to_cart\" data-product_id=\"72695\" data-product_sku=\"6975787490075\" aria-label=\"Ajouter au panier\u00a0: &ldquo;T\u00e9lescope mini-Dobson MaksyGo 60&rdquo;\" rel=\"nofollow\" data-success_message=\"\u00ab\u00a0T\u00e9lescope mini-Dobson MaksyGo 60\u00a0\u00bb a \u00e9t\u00e9 ajout\u00e9 \u00e0 votre panier\" role=\"button\">Ajouter au panier<\/a><span id=\"woocommerce_loop_add_to_cart_link_describedby_72695_3\" class=\"screen-reader-text\"><\/span><\/div><\/li>\n<\/ul>\n<\/div><\/div><\/li><\/ul><button type=\"button\" class=\"slider-nav\" title=\"Slide pr&eacute;c&eacute;dente\"><\/button><button type=\"button\" class=\"slider-nav slider-nav-next\" title=\"Slide suivante\"><\/button><\/div><script type=\"text\/javascript\">\/*!rw_stel_js*\/rw_stelvision_theme_ready(\"rw_stelvision_theme\",function(){rw_stelvision_theme.swiffySliderAutoSlideSizes();});<\/script><\/div><\/div>\n","protected":false},"excerpt":{"rendered":"<p>Pour savoir si une plan\u00e8te est facilement observable, on utilise parfois le terme d&rsquo;\u00e9longation. Quelle notion se cache derri\u00e8re ce mot&nbsp;? Qu\u2019est-ce que l&rsquo;\u00e9longation&nbsp;? L\u2019\u00e9longation <a href=\"https:\/\/www.stelvision.com\/astro\/elongation-planete\/\" class=\"more-link\">&#8230;<span class=\"screen-reader-text\">  Qu&rsquo;est-ce-que l&rsquo;\u00e9longation d&rsquo;une plan\u00e8te ?<\/span><\/a><\/p>\n","protected":false},"author":5,"featured_media":49500,"parent":0,"menu_order":0,"comment_status":"closed","ping_status":"closed","template":"","meta":{"_acf_changed":false,"footnotes":""},"class_list":["post-49426","page","type-page","status-publish","has-post-thumbnail","hentry"],"acf":[],"yoast_head":"<!-- This site is optimized with the Yoast SEO plugin v27.1.1 - https:\/\/yoast.com\/product\/yoast-seo-wordpress\/ -->\n<title>Qu&#039;est-ce-que l&#039;\u00e9longation d&#039;une plan\u00e8te ?<\/title>\n<meta name=\"description\" content=\"Pour savoir si une plan\u00e8te est facilement observable, on utilise parfois le terme d&#039;\u00e9longation. Quelle notion se cache derri\u00e8re ce mot ?\" \/>\n<meta name=\"robots\" content=\"index, follow, max-snippet:-1, max-image-preview:large, max-video-preview:-1\" \/>\n<link rel=\"canonical\" href=\"https:\/\/www.stelvision.com\/astro\/elongation-planete\/\" \/>\n<meta property=\"og:locale\" content=\"fr_FR\" \/>\n<meta property=\"og:type\" content=\"article\" \/>\n<meta property=\"og:title\" content=\"Qu&#039;est-ce que l&#039;\u00e9longation d&#039;une plan\u00e8te ?\" \/>\n<meta property=\"og:description\" content=\"Pour savoir si une plan\u00e8te est facilement observable, on utilise parfois le terme d&#039;\u00e9longation. Quelle notion se cache derri\u00e8re ce mot ?\" \/>\n<meta property=\"og:url\" content=\"https:\/\/www.stelvision.com\/astro\/elongation-planete\/\" \/>\n<meta property=\"og:site_name\" content=\"Stelvision\" \/>\n<meta property=\"article:publisher\" content=\"https:\/\/www.facebook.com\/people\/Stelvision\/100063368192331\/\" \/>\n<meta property=\"article:modified_time\" content=\"2025-02-13T10:04:49+00:00\" \/>\n<meta property=\"og:image\" content=\"https:\/\/www.stelvision.com\/astro\/wp-content\/uploads\/2023\/01\/elongation-perspective_ok.jpg\" \/>\n\t<meta property=\"og:image:width\" content=\"1024\" \/>\n\t<meta property=\"og:image:height\" content=\"536\" \/>\n\t<meta property=\"og:image:type\" content=\"image\/jpeg\" \/>\n<meta name=\"twitter:card\" content=\"summary_large_image\" \/>\n<meta name=\"twitter:title\" content=\"Qu&#039;est-ce que l&#039;\u00e9longation d&#039;une plan\u00e8te ?\" \/>\n<meta name=\"twitter:description\" content=\"Pour savoir si une plan\u00e8te est facilement observable, on utilise parfois le terme d&#039;\u00e9longation. Quelle notion se cache derri\u00e8re ce mot ?\" \/>\n<meta name=\"twitter:image\" content=\"https:\/\/www.stelvision.com\/astro\/wp-content\/uploads\/2023\/01\/elongation-perspective_ok.jpg\" \/>\n<meta name=\"twitter:label1\" content=\"Dur\u00e9e de lecture estim\u00e9e\" \/>\n\t<meta name=\"twitter:data1\" content=\"3 minutes\" \/>\n<script type=\"application\/ld+json\" class=\"yoast-schema-graph\">{\"@context\":\"https:\/\/schema.org\",\"@graph\":[{\"@type\":\"WebPage\",\"@id\":\"https:\/\/www.stelvision.com\/astro\/elongation-planete\/\",\"url\":\"https:\/\/www.stelvision.com\/astro\/elongation-planete\/\",\"name\":\"Qu'est-ce-que l'\u00e9longation d'une plan\u00e8te ?\",\"isPartOf\":{\"@id\":\"https:\/\/www.stelvision.com\/astro\/#website\"},\"primaryImageOfPage\":{\"@id\":\"https:\/\/www.stelvision.com\/astro\/elongation-planete\/#primaryimage\"},\"image\":{\"@id\":\"https:\/\/www.stelvision.com\/astro\/elongation-planete\/#primaryimage\"},\"thumbnailUrl\":\"https:\/\/www.stelvision.com\/astro\/wp-content\/uploads\/2023\/01\/elongation-perspective_ok.jpg\",\"datePublished\":\"2023-01-05T09:28:45+00:00\",\"dateModified\":\"2025-02-13T10:04:49+00:00\",\"description\":\"Pour savoir si une plan\u00e8te est facilement observable, on utilise parfois le terme d'\u00e9longation. Quelle notion se cache derri\u00e8re ce mot ?\",\"breadcrumb\":{\"@id\":\"https:\/\/www.stelvision.com\/astro\/elongation-planete\/#breadcrumb\"},\"inLanguage\":\"fr-FR\",\"potentialAction\":[{\"@type\":\"ReadAction\",\"target\":[\"https:\/\/www.stelvision.com\/astro\/elongation-planete\/\"]}]},{\"@type\":\"ImageObject\",\"inLanguage\":\"fr-FR\",\"@id\":\"https:\/\/www.stelvision.com\/astro\/elongation-planete\/#primaryimage\",\"url\":\"https:\/\/www.stelvision.com\/astro\/wp-content\/uploads\/2023\/01\/elongation-perspective_ok.jpg\",\"contentUrl\":\"https:\/\/www.stelvision.com\/astro\/wp-content\/uploads\/2023\/01\/elongation-perspective_ok.jpg\",\"width\":1024,\"height\":536,\"caption\":\"Sch\u00e9ma montrant le principe de l'\u00e9longation d'une plan\u00e8te\"},{\"@type\":\"BreadcrumbList\",\"@id\":\"https:\/\/www.stelvision.com\/astro\/elongation-planete\/#breadcrumb\",\"itemListElement\":[{\"@type\":\"ListItem\",\"position\":1,\"name\":\"Accueil\",\"item\":\"https:\/\/www.stelvision.com\/astro\/\"},{\"@type\":\"ListItem\",\"position\":2,\"name\":\"Qu&rsquo;est-ce-que l&rsquo;\u00e9longation d&rsquo;une plan\u00e8te ?\"}]},{\"@type\":\"WebSite\",\"@id\":\"https:\/\/www.stelvision.com\/astro\/#website\",\"url\":\"https:\/\/www.stelvision.com\/astro\/\",\"name\":\"Stelvision\",\"description\":\"conseils, livres et mat\u00e9riel d&#039;observation du ciel\",\"publisher\":{\"@id\":\"https:\/\/www.stelvision.com\/astro\/#organization\"},\"potentialAction\":[{\"@type\":\"SearchAction\",\"target\":{\"@type\":\"EntryPoint\",\"urlTemplate\":\"https:\/\/www.stelvision.com\/astro\/?s={search_term_string}\"},\"query-input\":{\"@type\":\"PropertyValueSpecification\",\"valueRequired\":true,\"valueName\":\"search_term_string\"}}],\"inLanguage\":\"fr-FR\"},{\"@type\":\"Organization\",\"@id\":\"https:\/\/www.stelvision.com\/astro\/#organization\",\"name\":\"Stelvision\",\"url\":\"https:\/\/www.stelvision.com\/astro\/\",\"logo\":{\"@type\":\"ImageObject\",\"inLanguage\":\"fr-FR\",\"@id\":\"https:\/\/www.stelvision.com\/astro\/#\/schema\/logo\/image\/\",\"url\":\"https:\/\/www.stelvision.com\/astro\/wp-content\/uploads\/2019\/03\/logo_lisse_bleu_Stelvision_600.png\",\"contentUrl\":\"https:\/\/www.stelvision.com\/astro\/wp-content\/uploads\/2019\/03\/logo_lisse_bleu_Stelvision_600.png\",\"width\":600,\"height\":277,\"caption\":\"Stelvision\"},\"image\":{\"@id\":\"https:\/\/www.stelvision.com\/astro\/#\/schema\/logo\/image\/\"},\"sameAs\":[\"https:\/\/www.facebook.com\/people\/Stelvision\/100063368192331\/\"]}]}<\/script>\n<!-- \/ Yoast SEO plugin. -->","yoast_head_json":{"title":"Qu'est-ce-que l'\u00e9longation d'une plan\u00e8te ?","description":"Pour savoir si une plan\u00e8te est facilement observable, on utilise parfois le terme d'\u00e9longation. Quelle notion se cache derri\u00e8re ce mot ?","robots":{"index":"index","follow":"follow","max-snippet":"max-snippet:-1","max-image-preview":"max-image-preview:large","max-video-preview":"max-video-preview:-1"},"canonical":"https:\/\/www.stelvision.com\/astro\/elongation-planete\/","og_locale":"fr_FR","og_type":"article","og_title":"Qu'est-ce que l'\u00e9longation d'une plan\u00e8te ?","og_description":"Pour savoir si une plan\u00e8te est facilement observable, on utilise parfois le terme d'\u00e9longation. Quelle notion se cache derri\u00e8re ce mot ?","og_url":"https:\/\/www.stelvision.com\/astro\/elongation-planete\/","og_site_name":"Stelvision","article_publisher":"https:\/\/www.facebook.com\/people\/Stelvision\/100063368192331\/","article_modified_time":"2025-02-13T10:04:49+00:00","og_image":[{"width":1024,"height":536,"url":"https:\/\/www.stelvision.com\/astro\/wp-content\/uploads\/2023\/01\/elongation-perspective_ok.jpg","type":"image\/jpeg"}],"twitter_card":"summary_large_image","twitter_title":"Qu'est-ce que l'\u00e9longation d'une plan\u00e8te ?","twitter_description":"Pour savoir si une plan\u00e8te est facilement observable, on utilise parfois le terme d'\u00e9longation. Quelle notion se cache derri\u00e8re ce mot ?","twitter_image":"https:\/\/www.stelvision.com\/astro\/wp-content\/uploads\/2023\/01\/elongation-perspective_ok.jpg","twitter_misc":{"Dur\u00e9e de lecture estim\u00e9e":"3 minutes"},"schema":{"@context":"https:\/\/schema.org","@graph":[{"@type":"WebPage","@id":"https:\/\/www.stelvision.com\/astro\/elongation-planete\/","url":"https:\/\/www.stelvision.com\/astro\/elongation-planete\/","name":"Qu'est-ce-que l'\u00e9longation d'une plan\u00e8te ?","isPartOf":{"@id":"https:\/\/www.stelvision.com\/astro\/#website"},"primaryImageOfPage":{"@id":"https:\/\/www.stelvision.com\/astro\/elongation-planete\/#primaryimage"},"image":{"@id":"https:\/\/www.stelvision.com\/astro\/elongation-planete\/#primaryimage"},"thumbnailUrl":"https:\/\/www.stelvision.com\/astro\/wp-content\/uploads\/2023\/01\/elongation-perspective_ok.jpg","datePublished":"2023-01-05T09:28:45+00:00","dateModified":"2025-02-13T10:04:49+00:00","description":"Pour savoir si une plan\u00e8te est facilement observable, on utilise parfois le terme d'\u00e9longation. Quelle notion se cache derri\u00e8re ce mot ?","breadcrumb":{"@id":"https:\/\/www.stelvision.com\/astro\/elongation-planete\/#breadcrumb"},"inLanguage":"fr-FR","potentialAction":[{"@type":"ReadAction","target":["https:\/\/www.stelvision.com\/astro\/elongation-planete\/"]}]},{"@type":"ImageObject","inLanguage":"fr-FR","@id":"https:\/\/www.stelvision.com\/astro\/elongation-planete\/#primaryimage","url":"https:\/\/www.stelvision.com\/astro\/wp-content\/uploads\/2023\/01\/elongation-perspective_ok.jpg","contentUrl":"https:\/\/www.stelvision.com\/astro\/wp-content\/uploads\/2023\/01\/elongation-perspective_ok.jpg","width":1024,"height":536,"caption":"Sch\u00e9ma montrant le principe de l'\u00e9longation d'une plan\u00e8te"},{"@type":"BreadcrumbList","@id":"https:\/\/www.stelvision.com\/astro\/elongation-planete\/#breadcrumb","itemListElement":[{"@type":"ListItem","position":1,"name":"Accueil","item":"https:\/\/www.stelvision.com\/astro\/"},{"@type":"ListItem","position":2,"name":"Qu&rsquo;est-ce-que l&rsquo;\u00e9longation d&rsquo;une plan\u00e8te ?"}]},{"@type":"WebSite","@id":"https:\/\/www.stelvision.com\/astro\/#website","url":"https:\/\/www.stelvision.com\/astro\/","name":"Stelvision","description":"conseils, livres et mat\u00e9riel d&#039;observation du ciel","publisher":{"@id":"https:\/\/www.stelvision.com\/astro\/#organization"},"potentialAction":[{"@type":"SearchAction","target":{"@type":"EntryPoint","urlTemplate":"https:\/\/www.stelvision.com\/astro\/?s={search_term_string}"},"query-input":{"@type":"PropertyValueSpecification","valueRequired":true,"valueName":"search_term_string"}}],"inLanguage":"fr-FR"},{"@type":"Organization","@id":"https:\/\/www.stelvision.com\/astro\/#organization","name":"Stelvision","url":"https:\/\/www.stelvision.com\/astro\/","logo":{"@type":"ImageObject","inLanguage":"fr-FR","@id":"https:\/\/www.stelvision.com\/astro\/#\/schema\/logo\/image\/","url":"https:\/\/www.stelvision.com\/astro\/wp-content\/uploads\/2019\/03\/logo_lisse_bleu_Stelvision_600.png","contentUrl":"https:\/\/www.stelvision.com\/astro\/wp-content\/uploads\/2019\/03\/logo_lisse_bleu_Stelvision_600.png","width":600,"height":277,"caption":"Stelvision"},"image":{"@id":"https:\/\/www.stelvision.com\/astro\/#\/schema\/logo\/image\/"},"sameAs":["https:\/\/www.facebook.com\/people\/Stelvision\/100063368192331\/"]}]}},"_links":{"self":[{"href":"https:\/\/www.stelvision.com\/astro\/wp-json\/wp\/v2\/pages\/49426","targetHints":{"allow":["GET"]}}],"collection":[{"href":"https:\/\/www.stelvision.com\/astro\/wp-json\/wp\/v2\/pages"}],"about":[{"href":"https:\/\/www.stelvision.com\/astro\/wp-json\/wp\/v2\/types\/page"}],"author":[{"embeddable":true,"href":"https:\/\/www.stelvision.com\/astro\/wp-json\/wp\/v2\/users\/5"}],"replies":[{"embeddable":true,"href":"https:\/\/www.stelvision.com\/astro\/wp-json\/wp\/v2\/comments?post=49426"}],"version-history":[{"count":22,"href":"https:\/\/www.stelvision.com\/astro\/wp-json\/wp\/v2\/pages\/49426\/revisions"}],"predecessor-version":[{"id":67836,"href":"https:\/\/www.stelvision.com\/astro\/wp-json\/wp\/v2\/pages\/49426\/revisions\/67836"}],"wp:featuredmedia":[{"embeddable":true,"href":"https:\/\/www.stelvision.com\/astro\/wp-json\/wp\/v2\/media\/49500"}],"wp:attachment":[{"href":"https:\/\/www.stelvision.com\/astro\/wp-json\/wp\/v2\/media?parent=49426"}],"curies":[{"name":"wp","href":"https:\/\/api.w.org\/{rel}","templated":true}]}}